{"id":11427,"date":"2024-02-09T15:26:36","date_gmt":"2024-02-09T14:26:36","guid":{"rendered":"https:\/\/win-interim.com\/politique-de-confidentialite-2\/"},"modified":"2024-02-09T15:26:36","modified_gmt":"2024-02-09T14:26:36","slug":"politique-de-confidentialite-2","status":"publish","type":"page","link":"https:\/\/win-interim.com\/en\/politique-de-confidentialite-2\/","title":{"rendered":"Politique de Confidentialit\u00e9"},"content":{"rendered":"<h2>Qui sommes-nous et comment traitons-nous vos donn\u00e9es \u00e0 caract\u00e8re personnel ?<\/h2>\n<p>Europe interim, y compris ses filiales (ci-apr\u00e8s d\u00e9nomm\u00e9es collectivement \u00ab Europe interim\u00bb) : \u00abEurope interim\u00bb, ou \u00ab<strong>\u00a0nous<\/strong> \u00bb, est un sp\u00e9cialiste du recrutement exer\u00e7ant ses activit\u00e9s sous les marques Europe interim, Europe interim, Page Executive et Page Outsourcing. La protection des donn\u00e9es \u00e0 caract\u00e8re personnel vous concernant est importante pour nous. La pr\u00e9sente Politique de Confidentialit\u00e9 vous informe sur les cat\u00e9-gories de donn\u00e9es \u00e0 caract\u00e8re personnel que nous collectons, les finalit\u00e9s pour lesquelles nous les utilisons et la mani\u00e8re dont nous traitons vos donn\u00e9es, lorsque vous visitez notre site web, lorsque vous postulez \u00e0 un emploi chez nous, lorsque nous nous pr\u00e9sentons \u00e0 vous, lorsque nous vous fournissons des services de recrutement et d\u2019emploi, lorsque nous entretenons une relation avec vous apr\u00e8s vous avoir fourni un service ou lorsque vous nous fournissez un service. Les informations suivantes s\u2019adressent \u00e0 vous si vous appartenez \u00e0 l\u2019une des cat\u00e9gories de personnes suivantes :<\/p>\n<p>les candidats pour lesquels nous fournissons des services d\u2019emploi ou qui postulent \u00e0 un poste vacant et nous contactent par l\u2019interm\u00e9diaire de notre site web, de sites d\u2019emploi, de pages de m\u00e9dias sociaux ou d\u2019autres sources ;<\/p>\n<ul>\n<li>les clients et leurs contacts avec lesquels nous entretenons des relations d\u2019affaires et que nous aidons \u00e0 pourvoir les postes vacants ;<\/li>\n<li>les candidats potentiels ainsi que les clients potentiels et leurs contacts avec lesquels nous entrons en contact pour pr\u00e9senter nos produits et services ;<\/li>\n<li>les prestataires de services et leurs contacts qui fournissent divers services pour nous ;<\/li>\n<li>les utilisateurs de nos sites internet\u2009et applications.<\/li>\n<\/ul>\n<p>(conjointement d\u00e9nomm\u00e9s \u00ab<strong>\u00a0vous<\/strong>\u00a0\u00bb ou \u00ab\u00a0<strong>votre<\/strong>\u00a0\u00bb).<\/p>\n<h2>Responsable du Traitement<\/h2>\n<p>Le responsable du traitement de vos donn\u00e9es est la soci\u00e9t\u00e9 PageGroup qui vous contacte et traite vos donn\u00e9es sous sa propre responsabilit\u00e9 lorsque vous visitez le site web, lorsque l\u2019entit\u00e9 concern\u00e9e vous fournit des services de recrutement et d\u2019emploi, maintient la relation avec vous apr\u00e8s que l\u2019entit\u00e9 a trouv\u00e9 un emploi pour vous, vous embauche pour un poste vacant ou dans le cas o\u00f9 vous fournissez un service \u00e0 l\u2019entit\u00e9 concern\u00e9e. Pour acc\u00e9der \u00e0 la liste compl\u00e8te des filiales Europ\u00e9ennes de PageGroup, ainsi qu\u2019\u00e0 leurs coordonn\u00e9es, veuillez cliquer<a href=\"\/en\/\"https:>\u00a0ici<\/a>.<\/p>\n<h2>D\u00e9tails du traitement des donn\u00e9es<\/h2>\n<p>Vous trouverez ci-dessous un aper\u00e7u du type de donn\u00e9es \u00e0 caract\u00e8re personnel que nous traitons \u00e0 votre sujet, \u00e0 quelles fins, sur quelle base juridique et o\u00f9 nous collectons ces donn\u00e9es.<br \/>\nSi vous ne nous fournissez pas vos donn\u00e9es \u00e0 caract\u00e8re personnel, alors que nous avons besoin de les collecter pour traiter une commande de votre part ou ex\u00e9cuter un contrat avec vous, ou parce que nous sommes tenus de le faire par la loi, nous pourrions devoir refuser votre commande ou \u00eatre dans l\u2019incapacit\u00e9 de remplir nos obligations contractuelles \u00e0 votre \u00e9gard.<\/p>\n<h3>Utilisateurs de notre site internet ou de nos applications<\/h3>\n<div>\n<table>\n<tbody>\n<tr>\n<td><strong>Objet<\/strong><\/td>\n<td><strong>Cat\u00e9gories de donn\u00e9es<\/strong><\/td>\n<td><strong>Base juridique<\/strong><\/td>\n<td><strong>Collecte de vos Donn\u00e9es<\/strong><\/td>\n<td><strong>Destinataires de vos Donn\u00e9es<\/strong><\/td>\n<\/tr>\n<tr>\n<td>Lorsque vous visitez notre site web ou notre application, nous traitons vos donn\u00e9es aux fins suivantes :<\/p>\n<ul>\n<li><strong>Appeler le site web\/l\u2019application<\/strong><\/li>\n<li>Assurer l\u2019<strong>\u00e9tablissement d\u2019une connexion sans heurts<\/strong>,<\/li>\n<li><strong>assurer et optimiser la performance\u00a0<\/strong>et la\u00a0<strong>convivialit\u00e9 de notre site web<\/strong><\/li>\n<li>Garantir et \u00e9valuer la\u00a0<strong>s\u00e9curit\u00e9 et la stabilit\u00e9 du syst\u00e8me<\/strong><\/li>\n<\/ul>\n<p>Dans ce contexte, nous utilisons \u00e9galement divers cookies et autres technologies. Pour plus d\u2019informations, voir notre\u00a0<a href=\"\/en\/\"https:>Politique en mati\u00e8re de Cookies<\/a>.<\/td>\n<td>Dans ce contexte, nous traitons les donn\u00e9es suivantes :<\/p>\n<ul>\n<li>Adresse IP de l\u2019appareil connect\u00e9 \u00e0 Internet qui fait la demande<\/li>\n<li>la date et l\u2019heure de l\u2019acc\u00e8s<\/li>\n<li>Nom et URL du fichier r\u00e9cup\u00e9r\u00e9,<\/li>\n<li>Site web\/application \u00e0 partir duquel l\u2019acc\u00e8s a \u00e9t\u00e9 effectu\u00e9 (URL de r\u00e9f\u00e9rence), le navigateur que vous utilisez et, le cas \u00e9ch\u00e9ant, le syst\u00e8me d\u2019exploitation de votre ordinateur connect\u00e9 \u00e0 l\u2019internet.<\/li>\n<li>Nom de votre fournisseur d\u2019acc\u00e8s<\/li>\n<\/ul>\n<\/td>\n<td>Le traitement des donn\u00e9es est fond\u00e9 sur les bases juridiques suivantes :<\/p>\n<p>Art. 6 (1) (b) RGPD &#8211; \u00e9tablissement, ex\u00e9cution ou r\u00e9siliation du contrat avec vous<\/p>\n<p>Art. 6 (1) (f) RGPD &#8211; notre int\u00e9r\u00eat l\u00e9gitime pour la s\u00e9curit\u00e9, la stabilit\u00e9 et la facilit\u00e9 d\u2019utilisation de notre site web<\/p>\n<p>Art. 6 (1) (a) RGPD &#8211; votre consentement<\/td>\n<td>Nous collectons les donn\u00e9es directement aupr\u00e8s de vous.<\/td>\n<td>Dans le cadre de ce traitement des donn\u00e9es, il est possible que les prestataires de services internes et externes suivants aient acc\u00e8s \u00e0 vos donn\u00e9es :<\/p>\n<ul>\n<li>Prestataires de services informatiques<\/li>\n<li>Fournisseur d\u2019outils d\u2019analyse de donn\u00e9es<\/li>\n<li>Fournisseur de services de marketing<\/li>\n<\/ul>\n<\/td>\n<\/tr>\n<tr>\n<td>Nous traitons vos donn\u00e9es afin de vous proposer des\u00a0<strong>publicit\u00e9s personnalis\u00e9es\u00a0<\/strong>sur le site web en fonction de votre\u00a0<strong>comportement de navigation<\/strong>.<strong>\u00a0<\/strong>Pour ce faire, nous utilisons divers cookies et autres technologies. Pour plus d\u2019informations, voir notre\u00a0<a href=\"\/en\/\"https:>Politique en mati\u00e8re de Cookies<\/a>.<\/td>\n<td>Dans ce contexte, nous traitons les donn\u00e9es suivantes :<\/p>\n<ul>\n<li>Adresse IP de l\u2019appareil connect\u00e9 \u00e0 Internet qui fait la demande,<\/li>\n<li>date et heure de l\u2019acc\u00e8s ;<\/li>\n<li>Nom et URL du fichier r\u00e9cup\u00e9r\u00e9,<\/li>\n<li>Site web\/application \u00e0 partir duquel l\u2019acc\u00e8s a \u00e9t\u00e9 effectu\u00e9 (URL de r\u00e9f\u00e9rence), le navigateur utilis\u00e9 et, le cas \u00e9ch\u00e9ant, le syst\u00e8me d\u2019exploitation de votre ordinateur connect\u00e9 \u00e0 Internet,<\/li>\n<li>Nom de votre fournisseur d\u2019acc\u00e8s<\/li>\n<\/ul>\n<\/td>\n<td>Le traitement des donn\u00e9es est fond\u00e9 sur la base juridique suivante :<\/p>\n<p>Art. 6 (1) (a) RGPD &#8211; votre consentement<\/td>\n<td>Nous collectons les donn\u00e9es directement aupr\u00e8s de vous.<\/td>\n<td>Dans le cadre de ce traitement de donn\u00e9es, il est possible que les prestataires de\u00a0<strong>services internes ou externes<\/strong>\u00a0suivants aient acc\u00e8s \u00e0 vos donn\u00e9es :<\/p>\n<ul>\n<li>Prestataires de services informatiques<\/li>\n<li>Fournisseurs d\u2019outils d\u2019analyse<\/li>\n<li>Soci\u00e9t\u00e9s de marketing<\/li>\n<\/ul>\n<\/td>\n<\/tr>\n<\/tbody>\n<\/table>\n<\/div>\n<h3><strong>Candidats<\/strong><\/h3>\n<div>\n<table>\n<tbody>\n<tr>\n<td><strong>Objet<\/strong><\/td>\n<td><strong>Cat\u00e9gories de donn\u00e9es<\/strong><\/td>\n<td><strong>Base juridique\/int\u00e9r\u00eat l\u00e9gitime<\/strong><\/td>\n<td><strong>Collecte de vos Donn\u00e9es<\/strong><\/td>\n<td><strong>Cat\u00e9gories de destinataire<\/strong><\/td>\n<\/tr>\n<tr>\n<td>Nous traitons vos donn\u00e9es afin de vous\u00a0<strong>fournir des services d\u2019emploi et de placement ou de mener une proc\u00e9dure de candidature avec vous afin d\u2019\u00e9tablir une relation de travail avec vous<\/strong>.<\/p>\n<p>Dans ce contexte, nous pouvons utiliser vos donn\u00e9es pour communiquer avec vous, r\u00e9pondre \u00e0 vos questions, analyser votre CV et trouver un poste qui vous convient, cr\u00e9er votre profil de candidat, vous fournir des conseils en mati\u00e8re de salaire, organiser des entretiens, effectuer des tests d\u2019aptitude avec vous, transmettre votre dossier de candidature \u00e0 l\u2019employeur de votre choix.<\/td>\n<td>Dans ce contexte, nous pouvons traiter les donn\u00e9es suivantes :<\/p>\n<ul>\n<li>Nom et adresse<\/li>\n<li>Num\u00e9ro de t\u00e9l\u00e9phone<\/li>\n<li>Adresse \u00e9lectronique:<\/li>\n<li>Informations dans le CV<\/li>\n<li>Informations sur votre parcours \u00e9ducatif<\/li>\n<li>R\u00e9f\u00e9rences<\/li>\n<li>Exp\u00e9rience professionnelle<\/li>\n<li>R\u00e9f\u00e9rences professionnelles<\/li>\n<li>Attentes salariales,<\/li>\n<li>Aspirations professionnelles<\/li>\n<li>R\u00e9sultats des audits de s\u00e9curit\u00e9<\/li>\n<li>Nationalit\u00e9<\/li>\n<li>Permis de s\u00e9jour et de travail<\/li>\n<li>Photos<\/li>\n<li>Comp\u00e9tences linguistiques,<\/li>\n<li>R\u00e9sultats des tests des centres d\u2019\u00e9valuation,<\/li>\n<li>Dans certains cas, des cat\u00e9gories particuli\u00e8res de donn\u00e9es telles que :<\/li>\n<\/ul>\n<ul>\n<li>Handicap,<\/li>\n<li>Informations sur la sant\u00e9,<\/li>\n<li>Examens de sant\u00e9 au travail,<\/li>\n<li>Condamnations, infractions p\u00e9nales,<\/li>\n<\/ul>\n<\/td>\n<td>Le traitement des donn\u00e9es est fond\u00e9 sur les bases juridiques suivantes :<\/p>\n<p>Art. 6 (1) (b) RGPD &#8211; \u00e9tablissement, ex\u00e9cution ou r\u00e9siliation du contrat avec vous<\/p>\n<p>Art. 6 (1) (c) RGPD &#8211; respect des obligations l\u00e9gales dans le domaine du droit du travail et du droit social<\/p>\n<p>Art. 6 (1) (f) RGPD &#8211; notre int\u00e9r\u00eat l\u00e9gitime dans l\u2019efficacit\u00e9 des processus d\u2019organisation du travail, le partage du travail et des services au sein du PageGroup ainsi que notre int\u00e9r\u00eat l\u00e9gitime dans le maintien de notre relation client avec vous.<\/p>\n<p>Nous ne traitons vos cat\u00e9gories particuli\u00e8res de donn\u00e9es que sur la base de votre consentement conform\u00e9ment \u00e0 l\u2019art. 6 (1) (a) RGPD et dans la mesure o\u00f9 nous sommes oblig\u00e9s de le faire pour des raisons de droit du travail et de droit social, et enfin pour des raisons d\u2019\u00e9galit\u00e9 des chances. Dans ces cas, nous fondons le traitement de vos donn\u00e9es sur l\u2019art. 9 (2) (b), (g) et (h) du RGPD.<\/td>\n<td>Nous collectons les donn\u00e9es directement aupr\u00e8s de vous.<\/p>\n<p>En outre, nous pouvons \u00e9galement collecter vos donn\u00e9es aupr\u00e8s de tiers, \u00e0 savoir<\/p>\n<ul>\n<li>R\u00e9f\u00e9rences, par exemple d\u2019anciens employeurs ou d\u2019anciens clients pour confirmer vos titres et qualifications.<\/li>\n<li>\u00c9tablissements d\u2019enseignement<\/li>\n<li>les r\u00e9seaux professionnels accessibles au public, tels que LinkedIn, StepStone ou Xing, afin d\u2019accro\u00eetre les informations dont nous disposons d\u00e9j\u00e0 \u00e0 votre sujet, de sorte que nous ayons plus de chances de trouver des postes qui vous conviennent ;<\/li>\n<li>Les clients \u00e0 qui nous avons fourni votre CV et qui ont \u00e9t\u00e9 en contact avec vous dans le cadre de votre candidature.<\/li>\n<\/ul>\n<p>Nous ne contacterons que les fournisseurs de r\u00e9f\u00e9rence que vous nous avez indiqu\u00e9s au cours du processus de candidature et de nos services.<\/td>\n<td>Afin de fournir nos services d\u2019emploi, nous pouvons partager des informations personnelles vous concernant avec des\u00a0<strong>employeurs potentiels<\/strong>\u00a0qui offrent des postes vacants qui vous int\u00e9ressent.<\/p>\n<p>Dans le cadre du traitement des donn\u00e9es d\u00e9crit ici, il est \u00e9galement possible que des\u00a0<strong>prestataires de services internes et externes<\/strong>\u00a0aient acc\u00e8s \u00e0 vos donn\u00e9es. Il s\u2019agit notamment des sous-traitants et de nos responsables du traitement dans les domaines suivants :<\/p>\n<ul>\n<li>Assistance informatique<\/li>\n<li>H\u00e9bergement, service informatique<\/li>\n<li>Solutions informatiques pour am\u00e9liorer la qualit\u00e9 des services<\/li>\n<li>Analyse des donn\u00e9es<\/li>\n<li>Aide au recrutement<\/li>\n<li>Ventes<\/li>\n<li>Administration et gestion de postes mondiaux, r\u00e9gionaux ou ex\u00e9cutifs ou d\u00e9veloppement de clients cl\u00e9s au sein de Page Group.<\/li>\n<li>Entreprises de transport maritime et de logistique<\/li>\n<li>Fournisseurs de t\u00e9l\u00e9communications<\/li>\n<li>Fournisseurs de r\u00e9seaux professionnels<\/li>\n<li>Fournisseurs d\u2019\u00e9valuations psychom\u00e9triques ou de tests d\u2019aptitude<\/li>\n<\/ul>\n<p>Nos sous-traitants sont contractuellement tenus par nous de respecter la confidentialit\u00e9 et de se conformer aux normes et r\u00e9glementations en mati\u00e8re de protection des donn\u00e9es.<\/td>\n<\/tr>\n<tr>\n<td>Nous traitons vos donn\u00e9es lorsque vous\u00a0<strong>vous inscrivez chez nous<\/strong>\u00a0et que vous mettez vos donn\u00e9es de candidature \u00e0 notre disposition et, \u00e9ventuellement, \u00e0 celle d\u2019employeurs potentiels.<\/p>\n<p><strong>Si vous vous inscrivez aupr\u00e8s de diff\u00e9rentes soci\u00e9t\u00e9s du groupe PageGroup<\/strong>, nous regrouperons les donn\u00e9es de candidature que vous avez fournies en\u00a0<strong>un seul enregistrement de donn\u00e9es<\/strong>\u00a0et un seul compte de candidature pour vous. Un seul dossier permet d\u2019\u00e9viter les duplicatas et de renforcer la pr\u00e9cision des donn\u00e9es \u00e0 caract\u00e8re personnel. \u00c0 ces fins, les soci\u00e9t\u00e9s PageGroup impliqu\u00e9es, partageront vos donn\u00e9es \u00e0 caract\u00e8re personnel en tant que Responsables ind\u00e9pendants du traitement.<\/td>\n<td>Dans ce contexte, nous pouvons traiter les donn\u00e9es suivantes :<\/p>\n<ul>\n<li>Nom et adresse<\/li>\n<li>Num\u00e9ro de t\u00e9l\u00e9phone<\/li>\n<li>Adresse \u00e9lectronique:<\/li>\n<li>Informations dans le CV<\/li>\n<li>Informations sur votre parcours \u00e9ducatif<\/li>\n<li>R\u00e9f\u00e9rences<\/li>\n<li>Exp\u00e9rience professionnelle<\/li>\n<li>R\u00e9f\u00e9rences professionnelles<\/li>\n<li>Attentes salariales,<\/li>\n<li>Aspirations professionnelles<\/li>\n<li>Dans certains cas, des cat\u00e9gories particuli\u00e8res de donn\u00e9es telles que :<\/li>\n<\/ul>\n<ul>\n<li>Handicap,<\/li>\n<li>informations sur la sant\u00e9,<\/li>\n<li>Condamnations, infractions p\u00e9nales<\/li>\n<\/ul>\n<\/td>\n<td>Le traitement des donn\u00e9es est fond\u00e9 sur les bases juridiques suivantes :<\/p>\n<p>Art. 6 (1) (b) RGPD &#8211; \u00e9tablissement, ex\u00e9cution ou r\u00e9siliation du contrat d\u2019utilisation avec vous pour la fourniture de notre service d\u2019enregistrement des candidats.<\/p>\n<p>Art. 6 (1) (f) RGPD &#8211; notre int\u00e9r\u00eat l\u00e9gitime dans l\u2019efficacit\u00e9 des processus d\u2019organisation du travail, dans le partage du travail et des services au sein du groupe PageGroup ainsi que notre int\u00e9r\u00eat l\u00e9gitime dans le maintien de notre relation client avec vous.<\/p>\n<p>Dans ce cas, nous ne traitons vos cat\u00e9gories particuli\u00e8res de donn\u00e9es que sur la base de votre consentement, conform\u00e9ment aux art. 6 (1) (a), et 9 (2) (a) du RGPD.<\/td>\n<td>Nous collectons les donn\u00e9es directement aupr\u00e8s de vous.<\/td>\n<td>Si vous postulez \u00e0 un poste sp\u00e9cifique, nous transmettrons vos donn\u00e9es de candidature \u00e0 l\u2019<strong>employeur potentiel<\/strong>\u00a0que vous avez sollicit\u00e9.<\/p>\n<p>Dans le cadre du traitement des donn\u00e9es d\u00e9crit ici, il est \u00e9galement possible que les\u00a0<strong>prestataires de services internes et externes<\/strong>\u00a0d\u00e9crits ci-dessus aient acc\u00e8s \u00e0 vos donn\u00e9es.<\/td>\n<\/tr>\n<tr>\n<td>Nous traitons vos donn\u00e9es pour vous envoyer des\u00a0<strong>informations promotionnelles<\/strong>, des\u00a0<strong>bulletins d\u2019information et d\u2019autres informations promotionnelles \u00e9lectroniques,<\/strong>\u00a0pour vous tenir au courant des offres d\u2019emploi, des rapports et des informations sur le secteur, des \u00e9v\u00e9nements, des manifestations et d\u2019autres contenus.<\/td>\n<td>Dans ce contexte, nous pouvons traiter les donn\u00e9es suivantes :<\/p>\n<ul>\n<li>Nom;<\/li>\n<li>Adresse \u00e9lectronique<\/li>\n<li>Num\u00e9ro de t\u00e9l\u00e9phone<\/li>\n<li>Vos informations marketing et vos pr\u00e9f\u00e9rences en mati\u00e8re d\u2019emploi<\/li>\n<\/ul>\n<\/td>\n<td>Le traitement des donn\u00e9es est fond\u00e9 sur les bases juridiques suivantes :<\/p>\n<p>Art. 6 (1) (a) RGPD &#8211; votre consentement<\/p>\n<p>Art. 6 (1) (f) RGPD notre int\u00e9r\u00eat l\u00e9gitime pour les mesures de marketing direct et l\u2019envoi de contenu publicitaire<\/td>\n<td>Nous collectons les donn\u00e9es directement aupr\u00e8s de vous.<\/td>\n<td>Dans le cadre du traitement des donn\u00e9es d\u00e9crit ici, il est possible que des\u00a0<strong>prestataires de services internes et externes<\/strong>\u00a0des domaines suivants aient acc\u00e8s \u00e0 vos donn\u00e9es :<\/p>\n<ul>\n<li>Marketing<\/li>\n<li>Ventes<\/li>\n<li>Solutions informatiques<\/li>\n<li>Assistance informatique<\/li>\n<li>Services postaux et d\u2019exp\u00e9dition<\/li>\n<li>T\u00e9l\u00e9communications<\/li>\n<li>Analyse des donn\u00e9es<\/li>\n<\/ul>\n<\/td>\n<\/tr>\n<tr>\n<td>Nous traitons vos donn\u00e9es pour vous envoyer des\u00a0<strong>enqu\u00eates de satisfaction<\/strong>\u00a0afin de savoir si vous \u00eates satisfaits de nos services,\u00a0<strong>am\u00e9liorer\u00a0<\/strong>nos\u00a0<strong>services existants et d\u00e9velopper de nouveaux services<\/strong>.<\/td>\n<td>Dans ce contexte, nous pouvons traiter les donn\u00e9es suivantes :<\/p>\n<ul>\n<li>Nom<\/li>\n<li>Adresse \u00e9lectronique<\/li>\n<li>Placements ant\u00e9rieurs et services fournis<\/li>\n<li>Vos informations dans le questionnaire de satisfaction<\/li>\n<\/ul>\n<\/td>\n<td>Le traitement des donn\u00e9es est fond\u00e9 sur les bases juridiques suivantes :<\/p>\n<p>Art. 6 (1) (a) RGPD &#8211; votre consentement<\/p>\n<p>Art. 6 (1) (f) RGPD &#8211; notre int\u00e9r\u00eat l\u00e9gitime pour les mesures de marketing direct et l\u2019envoi de contenu publicitaire ainsi que pour l\u2019am\u00e9lioration et le d\u00e9veloppement de nos services.<\/td>\n<td>Nous collectons les donn\u00e9es directement aupr\u00e8s de vous.<\/td>\n<td>Dans le cadre du traitement des donn\u00e9es d\u00e9crit ici, il est possible que des\u00a0<strong>prestataires de services internes et externes<\/strong>\u00a0des domaines suivants aient acc\u00e8s \u00e0 vos donn\u00e9es :<\/p>\n<ul>\n<li>Marketing<\/li>\n<li>Ventes<\/li>\n<li>Solutions informatiques<\/li>\n<li>Assistance informatique<\/li>\n<li>Services postaux et d\u2019exp\u00e9dition<\/li>\n<li>T\u00e9l\u00e9communications<\/li>\n<li>Analyse des donn\u00e9es<\/li>\n<li>Prestataire de services pour la r\u00e9alisation d\u2019enqu\u00eates<\/li>\n<li>Prestataire de services pour mener des activit\u00e9s de test et de d\u00e9veloppement, fournir des services de recherche, de publipostage ou d\u2019autres services de marketing direct.<\/li>\n<\/ul>\n<\/td>\n<\/tr>\n<tr>\n<td><u>Dans certains cas<\/u>, il peut \u00eatre n\u00e9cessaire de v\u00e9rifier les informations que vous avez fournies sur vos ant\u00e9c\u00e9dents professionnels, ou de v\u00e9rifier si vous avez les qualifications et la fiabilit\u00e9 n\u00e9cessaires pour un poste sp\u00e9cifique. Dans ces cas, nous proc\u00e9dons \u00e0 des\u00a0<strong>v\u00e9rifications des ant\u00e9c\u00e9dents<\/strong>.<strong>\u00a0<\/strong>\u00c0 cette fin, nous consultons des fournisseurs de r\u00e9f\u00e9rence et des \u00e9tablissements d\u2019enseignement pr\u00e9scolaire. En outre, nous effectuons des recherches sur Internet \u00e0 l\u2019aide de moteurs de recherche et de bases de donn\u00e9es en ligne accessibles au public. En outre, nous \u00e9valuons la presse nationale et internationale.<\/p>\n<p>Ce\u00a0<u>n\u2019est que dans des cas tr\u00e8s limit\u00e9s\u00a0<\/u>et uniquement dans la mesure o\u00f9 nous sommes l\u00e9galement tenus de le faire que nous comparons vos donn\u00e9es de base avec des listes de sanctions et d\u2019autres listes et registres publics, y compris des listes de terroristes et d\u2019embargos et des listes de PPE (personnes politiquement expos\u00e9es).<\/td>\n<td>Dans ce contexte, nous pouvons traiter les donn\u00e9es suivantes :<\/p>\n<ul>\n<li>Nom et adresse<\/li>\n<li>Num\u00e9ro de t\u00e9l\u00e9phone<\/li>\n<li>Adresse \u00e9lectronique<\/li>\n<li>Informations dans le CV<\/li>\n<li>Informations sur votre parcours \u00e9ducatif<\/li>\n<li>R\u00e9f\u00e9rences<\/li>\n<li>Exp\u00e9rience professionnelle<\/li>\n<li>R\u00e9f\u00e9rences professionnelles<\/li>\n<li>R\u00e9sultats des audits de s\u00e9curit\u00e9<\/li>\n<li>Nationalit\u00e9<\/li>\n<li>Permis de s\u00e9jour et de travail<\/li>\n<li>Photos<\/li>\n<li>Comp\u00e9tences linguistiques<\/li>\n<li>R\u00e9sultats des tests du centre d\u2019\u00e9valuation<\/li>\n<li>Condamnations, infractions p\u00e9nales (par exemple, fraude \u00e0 l\u2019emploi, criminalit\u00e9 \u00e9conomique, criminalit\u00e9 organis\u00e9e)<\/li>\n<li>Infractions au droit de la concurrence ou \u00e0 la l\u00e9gislation antitrust<\/li>\n<li>Violation d\u2019autres exigences l\u00e9gales ou r\u00e9glementaires<\/li>\n<li>Insolvabilit\u00e9s<\/li>\n<li>conflits d\u2019int\u00e9r\u00eats existants<\/li>\n<\/ul>\n<\/td>\n<td>Le traitement des donn\u00e9es est fond\u00e9 sur les bases juridiques suivantes :<\/p>\n<p>Art. 6 (1) (a) RGPD &#8211; votre consentement<\/p>\n<p>Art. 6 (1) (c) RGPD &#8211; notre obligation l\u00e9gale de proc\u00e9der \u00e0 des v\u00e9rifications d\u2019ant\u00e9c\u00e9dents.<\/p>\n<p>Art. 6 (1) (b) RGPD &#8211; \u00c9tablissement, ex\u00e9cution ou r\u00e9siliation du contrat avec vous<\/p>\n<p>Art. 6 (1) (f) RGPD &#8211; notre int\u00e9r\u00eat l\u00e9gitime \u00e0 effectuer des contr\u00f4les d\u2019ant\u00e9c\u00e9dents pour v\u00e9rifier vos informations, notre int\u00e9r\u00eat l\u00e9gitime \u00e0 effectuer des contr\u00f4les d\u2019ant\u00e9c\u00e9dents pour remplir les obligations l\u00e9gales de nos clients, l\u2019int\u00e9r\u00eat l\u00e9gitime de nos clients \u00e0 effectuer des contr\u00f4les d\u2019ant\u00e9c\u00e9dents pour garantir l\u2019aptitude et la fiabilit\u00e9 requises pour des postes sp\u00e9ciaux et la v\u00e9rification de vos informations.<\/td>\n<td>Nous collectons les donn\u00e9es directement aupr\u00e8s de vous.<\/p>\n<p>En outre, nous pouvons \u00e9galement collecter vos donn\u00e9es aupr\u00e8s de tiers, \u00e0 savoir :<\/p>\n<ul>\n<li>les fournisseurs de r\u00e9f\u00e9rences, tels que vos anciens employeurs ou vos anciens clients, afin de v\u00e9rifier vos coordonn\u00e9es<\/li>\n<li>les \u00e9tablissements d\u2019enseignement &#8211; pour v\u00e9rifier vos qualifications acad\u00e9miques\u2009;<\/li>\n<li>les sources professionnelles accessibles au public telles que LinkedIn, Xing ou StepStone, etc.<\/li>\n<li>Listes de sanctions et autres listes et registres publics, y compris les listes de terroristes et d\u2019embargos ainsi que les listes de PPE<\/li>\n<li>Source publique, annuaires t\u00e9l\u00e9phoniques, articles de journaux<\/li>\n<li>Bases de donn\u00e9es g\u00e9n\u00e9ralement accessibles<\/li>\n<\/ul>\n<p>Nous ne contacterons que les fournisseurs de r\u00e9f\u00e9rence que vous nous avez indiqu\u00e9s au cours du processus de s\u00e9lection et de nos services.<\/td>\n<td>Dans le cadre du traitement des donn\u00e9es d\u00e9crit ici, il est possible que des\u00a0<strong>prestataires de services internes et externes<\/strong>\u00a0des domaines suivants aient acc\u00e8s \u00e0 vos donn\u00e9es :<\/p>\n<ul>\n<li>S\u00e9curit\u00e9 informatique<\/li>\n<li>Solutions informatiques<\/li>\n<li>H\u00e9bergement<\/li>\n<li>T\u00e9l\u00e9communications<\/li>\n<li>Prestataire de services charg\u00e9 de la v\u00e9rification des r\u00e9f\u00e9rences de travail<\/li>\n<li>Prestataire de services pour effectuer le contr\u00f4le des qualifications<\/li>\n<li>Prestataire de services charg\u00e9 de l\u2019examen des condamnations p\u00e9nales (si n\u00e9cessaire)<\/li>\n<li>Prestataire de services pour v\u00e9rifier les informations que vous fournissez \u00e0 partir de sources tierces<\/li>\n<li>Prestataire de services charg\u00e9 d\u2019effectuer des \u00e9valuations psychom\u00e9triques ou des tests d\u2019aptitude<\/li>\n<\/ul>\n<p>Nos sous-traitants sont contractuellement tenus par nous de respecter la confidentialit\u00e9 et de se conformer aux normes et r\u00e9glementations en mati\u00e8re de protection des donn\u00e9es.<\/td>\n<\/tr>\n<tr>\n<td><strong>R\u00e9aliser des enqu\u00eates sur les tendances en mati\u00e8re de talents<\/strong><\/p>\n<p>Afin d\u2019am\u00e9liorer continuellement nos services et de les tenir \u00e0 jour, nous vous inviterons de mani\u00e8re s\u00e9lective \u00e0 participer \u00e0 des enqu\u00eates sur les tendances en mati\u00e8re de talents.<\/td>\n<td>Dans ce contexte, nous pouvons traiter les donn\u00e9es suivantes :<\/p>\n<ul>\n<li>Nom<\/li>\n<li>Placements ant\u00e9rieurs et services fournis<\/li>\n<li>Adresse \u00e9lectronique<\/li>\n<li>Informations contenues dans le questionnaire d\u2019enqu\u00eate<\/li>\n<\/ul>\n<\/td>\n<td>Le traitement des donn\u00e9es est fond\u00e9 sur les bases juridiques suivantes :<\/p>\n<p>Art. 6 (1) (a) RGPD &#8211; votre consentement<\/p>\n<p>Art. 6 (1) (f) RGPD &#8211; notre int\u00e9r\u00eat l\u00e9gitime \u00e0 identifier les tendances actuelles en mati\u00e8re de talents et \u00e0 d\u00e9velopper davantage nos services et nos offres.<\/td>\n<td>Nous collectons les donn\u00e9es directement aupr\u00e8s de vous.<\/td>\n<td>Dans le cadre du traitement des donn\u00e9es d\u00e9crit ici, il est possible que des\u00a0<strong>prestataires de services internes et externes<\/strong>\u00a0des domaines suivants aient acc\u00e8s \u00e0 vos donn\u00e9es :<\/p>\n<ul>\n<li>Marketing<\/li>\n<li>\u00c9tude de march\u00e9<\/li>\n<li>Analyse du march\u00e9<\/li>\n<li>Ventes<\/li>\n<li>Solutions informatiques<\/li>\n<li>Assistance informatique<\/li>\n<li>Services postaux et d\u2019exp\u00e9dition<\/li>\n<li>T\u00e9l\u00e9communications<\/li>\n<li>Analyse des donn\u00e9es<\/li>\n<\/ul>\n<\/td>\n<\/tr>\n<\/tbody>\n<\/table>\n<\/div>\n<h3><strong>Candidats et clients potentiels<\/strong><\/h3>\n<div>\n<table>\n<tbody>\n<tr>\n<td><strong>Objet<\/strong><\/td>\n<td><strong>Cat\u00e9gories de donn\u00e9es<\/strong><\/td>\n<td><strong>Base juridique\/int\u00e9r\u00eat l\u00e9gitime<\/strong><\/td>\n<td><strong>Collecte des donn\u00e9es<\/strong><\/td>\n<td><strong>Cat\u00e9gories de destinataire<\/strong><\/td>\n<\/tr>\n<tr>\n<td>Afin de\u00a0<strong>pr\u00e9senter nos services\u00a0<\/strong>et de\u00a0<strong>pouvoir\u00a0<\/strong>\u00a0<strong>vous contacter et r\u00e9pondre \u00e0 vos demandes<\/strong>, nous traitons vos donn\u00e9es \u00e0 caract\u00e8re personnel. Nous traitons les donn\u00e9es \u00e0 caract\u00e8re personnel vous concernant que vous nous fournissez lorsque vous nous contactez et que vous faites une demande. En outre, nous pouvons traiter des donn\u00e9es vous concernant obtenues \u00e0 partir de sources accessibles au public et de r\u00e9seaux professionnels et sociaux, tels que LinkedIn, Xing, StepStone, l\u2019entreprise ou d\u2019autres sites d\u2019emploi, afin de vous contacter si nous pensons que vous pourriez \u00eatre int\u00e9ress\u00e9 par nos services d\u2019emploi.<\/p>\n<p>En outre, il se peut que nous ayons eu connaissance de votre candidature par le biais d\u2019une recommandation d\u2019un autre candidat ou d\u2019un client et que nous vous contactions.<\/p>\n<p>Si vous agissez en tant que contact professionnel au nom d\u2019une entreprise, nous traiterons vos coordonn\u00e9es professionnelles.<\/td>\n<td>Dans ce contexte, nous pouvons traiter les donn\u00e9es suivantes :<\/p>\n<ul>\n<li>Nom et adresse<\/li>\n<li>Position dans l\u2019entreprise<\/li>\n<li>Num\u00e9ro de t\u00e9l\u00e9phone<\/li>\n<li>Adresse \u00e9lectronique<\/li>\n<li>Coordonn\u00e9es professionnelles<\/li>\n<li>Nom de l\u2019entreprise pour laquelle vous travaillez,<\/li>\n<li>Informations contenues dans votre CV, votre profil professionnel, votre profil d\u2019entreprise<\/li>\n<li>Informations sur votre parcours \u00e9ducatif,<\/li>\n<li>R\u00e9f\u00e9rences<\/li>\n<li>Exp\u00e9rience professionnelle,<\/li>\n<li>R\u00e9f\u00e9rences professionnelles,<\/li>\n<li>Attentes salariales,<\/li>\n<li>Aspirations professionnelles,<\/li>\n<li>Annonces d\u2019emplois vacants,<\/li>\n<li>Nationalit\u00e9 :<\/li>\n<li>Photos,<\/li>\n<li>Comp\u00e9tences linguistiques,<\/li>\n<li>Statut dans les r\u00e9seaux professionnels, par exemple, ouverture \u00e0 l\u2019emploi<\/li>\n<\/ul>\n<\/td>\n<td>Art. 6 (1) (a) RGPD &#8211; votre consentement<\/p>\n<p>Art. 6 (1) (b) RGPD &#8211; \u00e9tablissement, ex\u00e9cution ou r\u00e9siliation du contrat avec vous<\/p>\n<p>Art. 6 (1) (f) RGPD &#8211; notre int\u00e9r\u00eat l\u00e9gitime dans les mesures de marketing direct et la distribution de nos services de recrutement et d\u2019emploi, ainsi que notre int\u00e9r\u00eat l\u00e9gitime \u00e0 trouver de nouveaux contacts commerciaux, clients et candidats potentiels.<\/td>\n<td>Nous collectons les donn\u00e9es directement aupr\u00e8s de vous.<\/p>\n<p>En outre, nous pouvons \u00e9galement collecter vos donn\u00e9es aupr\u00e8s de tiers, \u00e0 savoir :<\/p>\n<ul>\n<li>Sources professionnelles accessibles au public, pages d\u2019accueil, articles de journaux, offres d\u2019emploi<\/li>\n<li>R\u00e9seaux professionnels, tels que LinkedIn, StepStone, Freeslance.de, Xing, etc.<\/li>\n<li>Vos profils d\u2019emploi ou d\u2019entreprise publi\u00e9s dans des bases de donn\u00e9es publiques<\/li>\n<li>Autres candidats ou clients<\/li>\n<\/ul>\n<\/td>\n<td>Dans le cadre du traitement des donn\u00e9es d\u00e9crit ici, il est possible que des\u00a0<strong>prestataires de services internes et externes<\/strong>\u00a0des domaines suivants aient acc\u00e8s \u00e0 vos donn\u00e9es :<\/p>\n<ul>\n<li>Marketing<\/li>\n<li>Ventes<\/li>\n<li>Solutions informatiques<\/li>\n<li>Assistance informatique<\/li>\n<li>Services postaux et d\u2019exp\u00e9dition<\/li>\n<li>T\u00e9l\u00e9communications<\/li>\n<li>Analyse des donn\u00e9es<\/li>\n<\/ul>\n<\/td>\n<\/tr>\n<\/tbody>\n<\/table>\n<\/div>\n<h3><strong>Clients (B2B) et nos contacts<\/strong><\/h3>\n<div>\n<table>\n<tbody>\n<tr>\n<td><strong>Objet<\/strong><\/td>\n<td><strong>Cat\u00e9gories de donn\u00e9es<\/strong><\/td>\n<td><strong>Base juridique\/int\u00e9r\u00eat l\u00e9gitime<\/strong><\/td>\n<td><strong>Collecte des donn\u00e9es<\/strong><\/td>\n<td><strong>Cat\u00e9gories de destinataire<\/strong><\/td>\n<\/tr>\n<tr>\n<td>Nous traitons vos donn\u00e9es afin de\u00a0<strong>vous fournir nos services de recrutement<\/strong>. Dans ce contexte, nous traitons vos donn\u00e9es et celles de vos contacts professionnels afin de communiquer avec vous et de trouver des candidats appropri\u00e9s pour vos postes vacants.<\/td>\n<td>Dans ce contexte, nous pouvons traiter les donn\u00e9es suivantes :<\/p>\n<ul>\n<li>Nom de l\u2019entreprise<\/li>\n<li>Nom et adresse<\/li>\n<li>Coordonn\u00e9es des contacts professionnels<\/li>\n<li>Num\u00e9ro de t\u00e9l\u00e9phone<\/li>\n<li>Votre avis sur les candidats<\/li>\n<li>Donn\u00e9es contractuelles et donn\u00e9es comptables<\/li>\n<li>Informations sur les postes vacants et les profils d\u2019exigences<\/li>\n<\/ul>\n<\/td>\n<td>Art. 6 (1) (b) RGPD &#8211; \u00c9tablissement, ex\u00e9cution ou r\u00e9siliation du contrat avec vous<\/p>\n<p>Art. 6 (1) (f) RGPD &#8211; notre int\u00e9r\u00eat l\u00e9gitime dans l\u2019efficacit\u00e9 des processus d\u2019organisation du travail, le partage du travail et des services au sein du groupe PageGroup.<\/td>\n<td>Nous collectons les donn\u00e9es directement aupr\u00e8s de vous.<\/p>\n<p>En outre, nous pouvons \u00e9galement collecter vos donn\u00e9es aupr\u00e8s de tiers, \u00e0 savoir :<\/p>\n<ul>\n<li>Sources professionnelles accessibles au public, pages d\u2019accueil, articles de journaux, offres d\u2019emploi<\/li>\n<li>R\u00e9seaux professionnels, tels que LinkedIn, StepStone, Freeslance.de, Xing, etc.<\/li>\n<li>Vos profils d\u2019emploi ou d\u2019entreprise publi\u00e9s dans des bases de donn\u00e9es publiques<\/li>\n<li>Autres clients et candidats<\/li>\n<\/ul>\n<\/td>\n<td>Dans le cadre du traitement des donn\u00e9es d\u00e9crit ici, il est possible que des\u00a0<strong>prestataires de services internes et externes<\/strong>\u00a0des domaines suivants aient acc\u00e8s \u00e0 vos donn\u00e9es :<\/p>\n<ul>\n<li>Marketing<\/li>\n<li>Ventes<\/li>\n<li>Solutions informatiques<\/li>\n<li>Assistance informatique<\/li>\n<li>Services postaux et d\u2019exp\u00e9dition<\/li>\n<li>T\u00e9l\u00e9communications<\/li>\n<li>Analyse des donn\u00e9es<\/li>\n<li>Comptabilit\u00e9<\/li>\n<li>Administration<\/li>\n<li>Banque<\/li>\n<li>la gestion de postes de direction mondiaux, r\u00e9gionaux ou de haut niveau, ou le d\u00e9veloppement de comptes cl\u00e9s, qui n\u00e9cessiterait la coop\u00e9ration de diff\u00e9rentes soci\u00e9t\u00e9s du groupe.<\/li>\n<\/ul>\n<\/td>\n<\/tr>\n<tr>\n<td>Nous traitons vos donn\u00e9es pour vous envoyer des\u00a0<strong>enqu\u00eates de satisfaction afin de\u00a0<\/strong>savoir si vous \u00eates satisfaits de nos services, d\u2019<strong>am\u00e9liorer\u00a0<\/strong>nos\u00a0<strong>services existants et de d\u00e9velopper de nouveaux services<\/strong>.<\/td>\n<td>Dans ce contexte, nous pouvons traiter les donn\u00e9es suivantes :<\/p>\n<ul>\n<li>Nom de l\u2019entreprise<\/li>\n<li>Nom et adresse<\/li>\n<li>Coordonn\u00e9es du contact professionnel<\/li>\n<li>Num\u00e9ro de t\u00e9l\u00e9phone<\/li>\n<li>Placements ant\u00e9rieurs et services fournis<\/li>\n<\/ul>\n<\/td>\n<td>Le traitement des donn\u00e9es est fond\u00e9 sur les bases juridiques suivantes :<\/p>\n<p>Art. 6 (1) (a) RGPD &#8211; votre consentement<\/p>\n<p>Art. 6 (1) (f) RGPD &#8211; notre int\u00e9r\u00eat l\u00e9gitime pour le marketing direct et l\u2019envoi de contenu publicitaire et pour d\u00e9velopper davantage nos services et nos offres.<\/td>\n<td>Nous collectons les donn\u00e9es directement aupr\u00e8s de vous.<\/td>\n<td>Dans le cadre du traitement des donn\u00e9es d\u00e9crit ici, il est possible que des\u00a0<strong>prestataires de services internes et externes<\/strong>\u00a0des domaines suivants aient acc\u00e8s \u00e0 vos donn\u00e9es :<\/p>\n<ul>\n<li>Marketing<\/li>\n<li>Analyse du march\u00e9<\/li>\n<li>Ventes<\/li>\n<li>Solutions informatiques<\/li>\n<li>Assistance informatique<\/li>\n<li>Services postaux et d\u2019exp\u00e9dition<\/li>\n<li>T\u00e9l\u00e9communications<\/li>\n<li>Analyse des donn\u00e9es<\/li>\n<\/ul>\n<\/td>\n<\/tr>\n<tr>\n<td>Nous traitons vos donn\u00e9es pour vous envoyer des\u00a0<strong>informations promotionnelles<\/strong>, des\u00a0<strong>bulletins d\u2019information et d\u2019autres informations promotionnelles \u00e9lectroniques,\u00a0<\/strong>pour vous tenir au courant des offres d\u2019emploi, des rapports et des informations sur le secteur, des \u00e9v\u00e9nements, des manifestations et d\u2019autres contenus.<\/td>\n<td>Dans ce contexte, nous pouvons traiter les donn\u00e9es suivantes :<\/p>\n<ul>\n<li>Nom;<\/li>\n<li>Adresse \u00e9lectronique<\/li>\n<li>Num\u00e9ro de t\u00e9l\u00e9phone<\/li>\n<li>Vos informations marketing et vos pr\u00e9f\u00e9rences en mati\u00e8re d\u2019emploi<\/li>\n<\/ul>\n<\/td>\n<td>Le traitement des donn\u00e9es est fond\u00e9 sur les bases juridiques suivantes :<\/p>\n<p>Art. 6 (1) (a) RGPD &#8211; votre consentement<\/p>\n<p>Art. 6 (1) (f) RGPD &#8211; notre int\u00e9r\u00eat l\u00e9gitime pour le marketing direct et l\u2019envoi de contenu publicitaire<\/td>\n<td>Nous collectons les donn\u00e9es directement aupr\u00e8s de vous.<\/td>\n<td>Dans le cadre du traitement des donn\u00e9es d\u00e9crit ici, il est possible que des\u00a0<strong>prestataires de services internes et externes<\/strong>\u00a0des domaines suivants aient acc\u00e8s \u00e0 vos donn\u00e9es :<\/p>\n<ul>\n<li>Marketing<\/li>\n<li>Envoi de la lettre d\u2019information<\/li>\n<li>Ventes<\/li>\n<li>Solutions informatiques<\/li>\n<li>Assistance informatique<\/li>\n<li>Services postaux et d\u2019exp\u00e9dition<\/li>\n<li>T\u00e9l\u00e9communications<\/li>\n<li>Analyse des donn\u00e9es<\/li>\n<\/ul>\n<\/td>\n<\/tr>\n<\/tbody>\n<\/table>\n<\/div>\n<h3><strong>Fournisseurs de services et contacts commerciaux de nos fournisseurs de services<\/strong><\/h3>\n<div>\n<table>\n<tbody>\n<tr>\n<td><strong>Objet<\/strong><\/td>\n<td><strong>Cat\u00e9gories de donn\u00e9es<\/strong><\/td>\n<td><strong>Base juridique\/int\u00e9r\u00eat l\u00e9gitime<\/strong><\/td>\n<td><strong>Collecte des donn\u00e9es<\/strong><\/td>\n<td><strong>Destinataires de vos donn\u00e9es<\/strong><\/td>\n<\/tr>\n<tr>\n<td>Afin\u00a0<strong>de conclure le contrat de service avec vous, de recevoir vos services et de communiquer<\/strong>\u00a0avec vous dans le cadre de notre relation commerciale, nous traitons vos donn\u00e9es \u00e0 caract\u00e8re personnel. En outre, nous traitons vos donn\u00e9es \u00e0 des fins comptables.<\/td>\n<td>Dans ce contexte, nous pouvons traiter les donn\u00e9es suivantes :<\/p>\n<ul>\n<li>Nom de l\u2019entreprise<\/li>\n<li>Nom et adresse<\/li>\n<li>Coordonn\u00e9es des personnes de contact<\/li>\n<li>Num\u00e9ro de t\u00e9l\u00e9phone<\/li>\n<li>Aper\u00e7u des services rendus<\/li>\n<li>Donn\u00e9es contractuelles et donn\u00e9es comptables<\/li>\n<\/ul>\n<\/td>\n<td>Le traitement des donn\u00e9es est fond\u00e9 sur les bases juridiques suivantes :<\/p>\n<p>Art. 6 (1) (b) RGPD &#8211; \u00e9tablissement, ex\u00e9cution ou r\u00e9siliation du contrat avec vous<\/p>\n<p>Art. 6 (1) (f) RGPD &#8211; notre int\u00e9r\u00eat l\u00e9gitime dans l\u2019efficacit\u00e9 des processus d\u2019organisation du travail, le partage du travail et des services au sein du groupe PageGroup<\/td>\n<td>Nous collectons les donn\u00e9es directement aupr\u00e8s de vous.<\/td>\n<td>Dans le cadre du traitement des donn\u00e9es d\u00e9crit ici, il est possible que des\u00a0<strong>prestataires de services internes et externes<\/strong>\u00a0des domaines suivants aient acc\u00e8s \u00e0 vos donn\u00e9es :<\/p>\n<ul>\n<li>Marketing<\/li>\n<li>Ventes<\/li>\n<li>Solutions informatiques<\/li>\n<li>Assistance informatique<\/li>\n<li>Services postaux et d\u2019exp\u00e9dition<\/li>\n<li>T\u00e9l\u00e9communications<\/li>\n<li>Analyse des donn\u00e9es<\/li>\n<li>Comptabilit\u00e9<\/li>\n<li>Administration<\/li>\n<li>Banque<\/li>\n<\/ul>\n<\/td>\n<\/tr>\n<tr>\n<td>Nous traitons vos donn\u00e9es \u00e0 caract\u00e8re personnel afin d\u2019<strong>\u00e9valuer votre aptitude \u00e0<\/strong>\u00a0devenir notre fournisseur.<\/p>\n<p><u>Pour des raisons de conformit\u00e9 l\u00e9gale, dans des cas tr\u00e8s limit\u00e9s\u00a0<\/u>et uniquement dans la mesure o\u00f9 nous sommes l\u00e9galement tenus de le faire, nous comparons vos donn\u00e9es de base avec des listes de sanctions et d\u2019autres listes et registres publics, y compris des listes de terroristes et d\u2019embargos et des listes de PPE (Personnes Politiquement Expos\u00e9es).<\/td>\n<td>Dans ce contexte, nous pouvons traiter les donn\u00e9es suivantes :<\/p>\n<ul>\n<li>Nom de l\u2019entreprise<\/li>\n<li>Nom et adresse<\/li>\n<li>Coordonn\u00e9es des personnes de contact<\/li>\n<li>Num\u00e9ro de t\u00e9l\u00e9phone<\/li>\n<li>R\u00e9f\u00e9rences<\/li>\n<\/ul>\n<\/td>\n<td>Le traitement des donn\u00e9es est fond\u00e9 sur les bases juridiques suivantes :<\/p>\n<p>Art. 6 (1) (c) RGPD &#8211; notre obligation l\u00e9gale de proc\u00e9der \u00e0 des v\u00e9rifications d\u2019ant\u00e9c\u00e9dents.<\/p>\n<p>Art. 6 (1) (b) RGPD &#8211; \u00e9tablissement, ex\u00e9cution ou r\u00e9siliation du contrat avec vous<\/p>\n<p>Art. 6 (1) (f) RGPD &#8211; notre int\u00e9r\u00eat l\u00e9gitime \u00e0 effectuer des \u00e9valuations pour d\u00e9terminer votre aptitude.<\/td>\n<td>Nous collectons les donn\u00e9es directement aupr\u00e8s de vous.<\/p>\n<p>Nous pouvons \u00e9galement utiliser des donn\u00e9es provenant de registres publics et de listes de sanctions.<\/td>\n<td>Dans le cadre du traitement des donn\u00e9es d\u00e9crit ici, il est possible que des\u00a0<strong>prestataires de services internes et externes<\/strong>\u00a0des domaines suivants aient acc\u00e8s \u00e0 vos donn\u00e9es :<\/p>\n<ul>\n<li>Achats<\/li>\n<li>Solutions informatiques<\/li>\n<li>Assistance informatique<\/li>\n<li>Services postaux et d\u2019exp\u00e9dition<\/li>\n<li>T\u00e9l\u00e9communications<\/li>\n<li>Administration<\/li>\n<\/ul>\n<\/td>\n<\/tr>\n<\/tbody>\n<\/table>\n<\/div>\n<h3><strong>Traitement des donn\u00e9es pour le respect des obligations l\u00e9gales et pour la d\u00e9fense et la revendication de droits en justice<\/strong><\/h3>\n<div>\n<table>\n<tbody>\n<tr>\n<td><strong>Objet<\/strong><\/td>\n<td><strong>Cat\u00e9gories de donn\u00e9es<\/strong><\/td>\n<td><strong>Base juridique\/int\u00e9r\u00eat l\u00e9gitime<\/strong><\/td>\n<td><strong>Collecte des Donn\u00e9es<\/strong><\/td>\n<td><strong>Destinataires de vos Donn\u00e9es<\/strong><\/td>\n<\/tr>\n<tr>\n<td>Nous traitons vos donn\u00e9es dans la mesure o\u00f9 cela est n\u00e9cessaire\u00a0<strong>pour remplir des obligations officielles de contr\u00f4le, de surveillance et d\u2019audit, y compris des obligations officielles d\u2019information et de notification, ainsi que des obligations relevant du droit commercial ou fiscal<\/strong>.<\/td>\n<td>Dans ce contexte, nous traitons les donn\u00e9es suivantes :<\/p>\n<ul>\n<li>Nom de l\u2019entreprise<\/li>\n<li>Nom et adresse<\/li>\n<li>Coordonn\u00e9es des personnes de contact<\/li>\n<li>Num\u00e9ro de t\u00e9l\u00e9phone<\/li>\n<li>Aper\u00e7u des services rendus<\/li>\n<li>Donn\u00e9es contractuelles et donn\u00e9es comptables<\/li>\n<li>Donn\u00e9es demand\u00e9es<\/li>\n<\/ul>\n<\/td>\n<td>Le traitement des donn\u00e9es est fond\u00e9 sur les bases juridiques suivantes :<\/p>\n<p>Art. 6 (1) (c) RGPD \u2013 Respect des obligations l\u00e9gales<\/td>\n<td>Nous collectons les donn\u00e9es directement aupr\u00e8s de vous.<\/td>\n<td>Dans le cadre du traitement des donn\u00e9es d\u00e9crit ici, il est possible que les destinataires suivants aient acc\u00e8s \u00e0 vos donn\u00e9es :<\/p>\n<ul>\n<li>les autorit\u00e9s charg\u00e9es de l\u2019application de la loi ou d\u2019autres entit\u00e9s publiques<\/li>\n<li>Tribunaux<\/li>\n<li>Avocats<\/li>\n<li>Consultants<\/li>\n<\/ul>\n<\/td>\n<\/tr>\n<tr>\n<td>Dans certains cas, nous traitons \u00e9galement vos donn\u00e9es pour\u00a0<strong>faire valoir nos droits en justice<\/strong>.<\/td>\n<td>Dans ce contexte, nous traitons les donn\u00e9es suivantes :<\/p>\n<ul>\n<li>Nom de l\u2019entreprise<\/li>\n<li>Nom et adresse<\/li>\n<li>Coordonn\u00e9es des personnes de contact<\/li>\n<li>Num\u00e9ro de t\u00e9l\u00e9phone<\/li>\n<li>Aper\u00e7u des services rendus<\/li>\n<li>Donn\u00e9es contractuelles et donn\u00e9es comptables<\/li>\n<li>Donn\u00e9es n\u00e9cessaires \u00e0 la d\u00e9fense et \u00e0 l\u2019ex\u00e9cution des cr\u00e9ances<\/li>\n<\/ul>\n<\/td>\n<td>Le traitement des donn\u00e9es est fond\u00e9 sur les bases juridiques suivantes :<\/p>\n<p>Art. 6 (1) (f) RGPD &#8211; notre int\u00e9r\u00eat l\u00e9gitime \u00e0 nous d\u00e9fendre contre des poursuites judiciaires.<\/td>\n<td>Nous collectons les donn\u00e9es directement aupr\u00e8s de vous.<\/td>\n<td>Dans le cadre du traitement des donn\u00e9es d\u00e9crit ici, il est possible que les destinataires suivants aient acc\u00e8s \u00e0 vos donn\u00e9es :<\/p>\n<ul>\n<li>Avocats,<\/li>\n<li>Consultants<\/li>\n<li>Tribunaux<\/li>\n<li>M\u00e9diateurs<\/li>\n<\/ul>\n<\/td>\n<\/tr>\n<tr>\n<td>Nous traiterons vos donn\u00e9es dans le cas d\u2019une\u00a0<strong>restructuration, d\u2019une fusion, d\u2019une vente, d\u2019une coentreprise, d\u2019une cession ou de tout autre transfert ou cession<\/strong>\u00a0de tout ou partie de nos activit\u00e9s, dans la mesure o\u00f9 cela est n\u00e9cessaire \u00e0 ces fins.<\/td>\n<td>Dans ce contexte, nous traitons les donn\u00e9es suivantes :<\/p>\n<ul>\n<li>Nom de l\u2019entreprise<\/li>\n<li>Nom et adresse<\/li>\n<li>Coordonn\u00e9es des personnes de contact<\/li>\n<li>Num\u00e9ro de t\u00e9l\u00e9phone<\/li>\n<li>Aper\u00e7u des services rendus<\/li>\n<li>Donn\u00e9es contractuelles et donn\u00e9es comptables<\/li>\n<\/ul>\n<\/td>\n<td>Le traitement des donn\u00e9es est fond\u00e9 sur les bases juridiques suivantes :<\/p>\n<p>Art. 6 (1) (f) RGPD &#8211; notre int\u00e9r\u00eat l\u00e9gitime dans le cadre d\u2019une restructuration, d\u2019une fusion, d\u2019une vente, d\u2019une coentreprise, d\u2019une cession ou d\u2019un autre transfert ou cession de tout ou partie de notre entreprise.<\/p>\n<p>Art. 6 (1) (a) \u2013votre consentement<\/td>\n<td>Nous collectons les donn\u00e9es directement aupr\u00e8s de vous.<\/td>\n<td>Dans le cadre du traitement des donn\u00e9es d\u00e9crit ici, il est possible que les destinataires suivants aient acc\u00e8s \u00e0 vos donn\u00e9es :<\/p>\n<ul>\n<li>Avocats<\/li>\n<li>Les nouveaux chefs d\u2019entreprise et leurs conseillers<\/li>\n<li>Tribunaux<\/li>\n<\/ul>\n<\/td>\n<\/tr>\n<tr>\n<td>Nous traitons \u00e9galement vos donn\u00e9es \u00e0 caract\u00e8re personnel afin\u00a0<strong>de remplir nos obligations en vertu de la loi sur la protection des donn\u00e9es<\/strong>, en particulier pour garantir vos droits en tant que personne concern\u00e9e.<\/td>\n<td>Dans ce contexte, nous traitons les donn\u00e9es suivantes :<\/p>\n<ul>\n<li>Nom de l\u2019entreprise<\/li>\n<li>Nom et adresse<\/li>\n<li>Coordonn\u00e9es des personnes de contact<\/li>\n<li>Num\u00e9ro de t\u00e9l\u00e9phone<\/li>\n<li>Donn\u00e9es relatives aux contrats et \u00e0 la facturation<\/li>\n<li>D\u00e9clarations de protection des donn\u00e9es (par exemple, d\u00e9claration de consentement au traitement)<\/li>\n<li>D\u00e9clarations sur la r\u00e9vocation du consentement que vous avez donn\u00e9<\/li>\n<li>D\u00e9clarations d\u2019opposition au traitement des donn\u00e9es \u00e0 caract\u00e8re personnel<\/li>\n<li>D\u00e9clarations sur l\u2019exercice de vos droits \u00e0 l\u2019information, \u00e0 la rectification, \u00e0 l\u2019effacement, \u00e0 la limitation du traitement, au transfert des donn\u00e9es, y compris les informations que vous nous fournissez lorsque vous faites valoir vos droits.<\/li>\n<\/ul>\n<\/td>\n<td>Le traitement des donn\u00e9es est fond\u00e9 sur les bases juridiques suivantes :<\/p>\n<p>Art. 6 (1) (c) RGPD \u2013 respect des obligations l\u00e9gales<\/td>\n<td>Nous collectons les donn\u00e9es directement aupr\u00e8s de vous.<\/td>\n<td>Dans le cadre du traitement des donn\u00e9es d\u00e9crit ici, il est possible que les destinataires suivants aient acc\u00e8s \u00e0 vos donn\u00e9es:<\/p>\n<ul>\n<li>Avocats<\/li>\n<li>Tribunaux<\/li>\n<li>Prestataires de services internes et externes dans les domaines de l\\&rsquo;administration, de la conformit\u00e9, de la protection des donn\u00e9es et du support<\/li>\n<\/ul>\n<\/td>\n<\/tr>\n<\/tbody>\n<\/table>\n<\/div>\n<h2>Cookies, outils d\u2019analyse et m\u00e9dias sociaux<\/h2>\n<p>Nous utilisons les m\u00e9dias sociaux et employons divers cookies et autres technologies d\u2019analyse sur notre site web. Pour plus d\u2019informations, voir notre\u00a0<a href=\"\/en\/\"https:>Politique en mati\u00e8re de Cookies<\/a>.<\/p>\n<h2>D\u00e9cisions automatis\u00e9es et profilage<\/h2>\n<p>Nous ne prenons pas de d\u00e9cisions en nous fondant uniquement sur un processus automatis\u00e9 ; nos d\u00e9cisions sont toujours pr\u00e9c\u00e9d\u00e9es d\u2019une intervention humaine.<br \/>\nNous \u00e9tablissons deux types de profils sur la base des donn\u00e9es \u00e0 caract\u00e8re personnel des candidats :<\/p>\n<ul>\n<li>JobMatch est un outil disponible sur notre site web qui permet aux candidats de t\u00e9l\u00e9charger leur CV. En fonction de vos comp\u00e9-tences, de vos aspirations professionnelles et des informations contenues dans votre CV, cet outil nous aide \u00e0 vous recommander des emplois qui correspondent \u00e0 vos aspirations et \u00e0 vos comp\u00e9tences. Toutefois, ce profilage ne restreint ni n\u2019exclut l\u2019acc\u00e8s \u00e0 d\u2019autres emplois ou postes.<\/li>\n<li>Nous utilisons un outil d\u2019analyse bas\u00e9 sur une technologie de recherche s\u00e9mantique (un type d\\&rsquo;intelligence artificielle) qui nous permet d\u2019effectuer des recherches intelligentes et filtrer les CV de notre base de donn\u00e9es. En saisissant des mots-cl\u00e9s pertinents tels que ann\u00e9es d\u2019exp\u00e9rience ou domaine de pratique dans cet outil, tous les CV t\u00e9l\u00e9charg\u00e9s sont ensuite analys\u00e9s et une liste de candidats est fournie en faisant correspondre les mots-cl\u00e9s dans les CV des candidats et en classant les candidats en fonction de leur aptitude \u00e0 occuper le poste. Nous utilisons cet outil pour rendre nos processus de recrutement plus efficaces, en \u00e9tant en mesure faire correspondre au mieux les candidats aux emplois compatibles. Comme expliqu\u00e9 ci-dessus, un recruteur v\u00e9rifie toujours ce processus, de sorte qu\\&rsquo;il n\\&rsquo;y a pas de d\u00e9cisions automatis\u00e9es.<\/li>\n<\/ul>\n<p>Veuillez noter qu\u2019aucune de ces activit\u00e9s de profilage n\u2019a d\u2019effets juridiques ou similaires significatifs sur les candidats. Toutefois, si vous souhaitez en savoir plus, n\u2019h\u00e9sitez pas \u00e0 nous contacter.<\/p>\n<h2>Transferts de donn\u00e9es vers des pays en dehors de l\u2019EEE<\/h2>\n<p>Dans certains cas, nous traitons \u00e9galement vos donn\u00e9es \u00e0 caract\u00e8re personnel en dehors de l\u2019Espace \u00e9conomique europ\u00e9en (EEE). Si un transfert de donn\u00e9es a lieu vers l\u2019un des destinataires susmentionn\u00e9s dont le si\u00e8ge social ou le lieu de traitement des donn\u00e9es se situe en dehors de l\u2019EEE ou d\u2019un \u00c9tat pour lequel un niveau ad\u00e9quat de protection des donn\u00e9es a \u00e9t\u00e9 \u00e9tabli par une d\u00e9cision de la Commission euro-p\u00e9enne, nous nous assurerons avant le transfert que le transfert de donn\u00e9es est couvert par une autorisation l\u00e9gale et que des garanties existent pour un niveau ad\u00e9quat de protection des donn\u00e9es en ce qui concerne le transfert de donn\u00e9es (par exemple, par le biais de garan-ties contractuelles, de r\u00e9glementations officiellement reconnues ou de r\u00e9glementations internes contraignantes en mati\u00e8re de protection des donn\u00e9es chez le destinataire) ou que vous nous avez donn\u00e9 votre consentement au transfert de donn\u00e9es.<\/p>\n<h2>Transferts de donn\u00e9es intra-groupe en dehors de l\u2019EEE<\/h2>\n<p>PageGroup est un groupe d\u2019entreprises actif \u00e0 l\u2019\u00e9chelle mondiale. Nos experts en recrutement et nos collaborateurs cl\u00e9s dans des fonctions telles que l\u2019aide au recrutement, la gestion des salaires et l\u2019assistance informatique sont r\u00e9partis dans le monde entier. Aux fins susmention-n\u00e9es, dans le cadre de notre coop\u00e9ration avec PageGroup, nous transf\u00e9rons vos donn\u00e9es \u00e0 caract\u00e8re personnel conform\u00e9ment aux art. 44 et suivants. du RGPD \u00e9galement aux soci\u00e9t\u00e9s de PageGroup en dehors de l\u2019EEE ou permettons aux employ\u00e9s qui travaillent dans les soci\u00e9t\u00e9s de PageGroup en dehors de l\u2019EEE d\u2019acc\u00e9der \u00e0 vos donn\u00e9es \u00e0 caract\u00e8re personnel dans le cadre de notre coop\u00e9ration et de l\u2019ex\u00e9cution de nos obligations contractuelles avec vous. Une liste des entit\u00e9s de PageGroup situ\u00e9es en dehors de l\u2019EEE est disponible\u00a0<a href=\"\/en\/\"https:>ici<\/a>.<\/p>\n<p>Si vous vous trouvez, par exemple, en Allemagne, en fonction de votre recherche d\u2019emploi, ou si vous recherchez un professionnel qualifi\u00e9 pour rejoindre votre organisation ou un partenaire en ressources humaines, nous partageons vos donn\u00e9es \u00e0 caract\u00e8re personnel avec nos recruteurs sp\u00e9cialis\u00e9s dans le march\u00e9 allemand qui sont bas\u00e9s en Turquie (les d\u00e9tails de la soci\u00e9t\u00e9 turque se trouvent dans la liste mention-n\u00e9e ci-dessus), si n\u00e9cessaire. Ils traitent vos donn\u00e9es \u00e0 caract\u00e8re personnel au nom de nos entit\u00e9s allemandes. En ce qui concerne ce trans-fert, un niveau ad\u00e9quat de protection des donn\u00e9es est assur\u00e9 conform\u00e9ment \u00e0 l\u2019accord intragroupe de l\u2019entreprise et aux CCT, comme d\u00e9crit ci-dessous.<\/p>\n<p>Nous avons en place un accord de transfert de donn\u00e9es intragroupe contenant des Clauses Contractuelles Types (CCT) approuv\u00e9es par la Commission europ\u00e9enne qui permettent les transferts transfrontaliers de donn\u00e9es \u00e0 caract\u00e8re personnel depuis l\u2019EEE vers des pays tiers hors de l\u2019EEE (\u00e9tant donn\u00e9 que les lois sur la protection des donn\u00e9es hors de l\u2019EEE peuvent ne pas offrir un niveau de protection \u00e9quivalent \u00e0 celui des lois sur la protection des donn\u00e9es de l\u2019EEE).<\/p>\n<p>Si vous souhaitez obtenir une copie des CCT, veuillez nous contacter en utilisant les coordonn\u00e9es ci-dessous.<\/p>\n<h3>Transferts de donn\u00e9es \u00e0 des prestataires de services externes en dehors de l\u2019EEE<\/h3>\n<p>Aux fins susmentionn\u00e9es, nous faisons appel \u00e0 des prestataires de services informatiques situ\u00e9s au Royaume-Uni, aux \u00c9tats-Unis et en Isra\u00ebl. Afin de prot\u00e9ger vos donn\u00e9es, nous avons stipul\u00e9 des clauses contractuelles types (CCT) lorsque cela est n\u00e9cessaire.<br \/>\nVeuillez nous contacter en utilisant les coordonn\u00e9es ci-dessous si vous souhaitez recevoir une copie des CCT.<\/p>\n<h2>Assurer la s\u00e9curit\u00e9 des donn\u00e9es \u00e0 caract\u00e8re personnel vous concernant<\/h2>\n<p>Nous avons mis en place et maintenons des mesures techniques et organisationnelles appropri\u00e9es pour prot\u00e9ger les donn\u00e9es \u00e0 caract\u00e8re personnel vous concernant contre la destruction, la perte, l\u2019alt\u00e9ration, la divulgation ou l\u2019acc\u00e8s non autoris\u00e9s, accidentels ou ill\u00e9gaux. Seul le personnel autoris\u00e9 et les prestataires de services tiers ont acc\u00e8s aux donn\u00e9es \u00e0 caract\u00e8re personnel sur la base du besoin d\u2019en conna\u00eetre, et ces employ\u00e9s et prestataires de services sont contractuellement tenus de traiter ces informations de mani\u00e8re confidentielle.<\/p>\n<h2>Combien de temps nous conservons les donn\u00e9es \u00e0 caract\u00e8re personnel vous concernant<\/h2>\n<p>Nous conserverons vos donn\u00e9es \u00e0 caract\u00e8re personnel aussi longtemps que n\u00e9cessaire pour atteindre l\u2019objectif pour lequel nous les avons collect\u00e9es, qui peut \u00eatre un objectif permanent. Par exemple, si vous \u00eates un candidat, nous conserverons vos donn\u00e9es \u00e0 caract\u00e8re personnel pendant toute la dur\u00e9e de notre relation commerciale avec vous et m\u00eame au-del\u00e0, car nous aidons souvent les candidats \u00e0 trouver un emploi pendant de nombreuses ann\u00e9es, voire pendant toute leur carri\u00e8re.<\/p>\n<p>Nous conservons certaines donn\u00e9es \u00e0 caract\u00e8re personnel plus longtemps que d\u2019autres. Pour d\u00e9terminer la p\u00e9riode de conservation appro-pri\u00e9e des donn\u00e9es \u00e0 caract\u00e8re personnel, nous prenons en compte des facteurs tels que les objectifs pour lesquels nous traitons les donn\u00e9es \u00e0 caract\u00e8re personnel vous concernant, y compris toute obligation l\u00e9gale, r\u00e9glementaire, comptable et de signalement, la nature et la quantit\u00e9 de donn\u00e9es \u00e0 caract\u00e8re personnel que nous d\u00e9tenons \u00e0 votre sujet, et le risque potentiel de pr\u00e9judice pour vous en cas d\u2019utilisation ou de divulgation non autoris\u00e9es des donn\u00e9es \u00e0 caract\u00e8re personnel vous concernant.<\/p>\n<p>Lorsque nous traitons les donn\u00e9es \u00e0 caract\u00e8re personnel vous concernant \u00e0 des fins de prospection, nous le ferons jusqu\u2019\u00e0 ce que vous nous demandiez d\u2019arr\u00eater, et pendant une courte p\u00e9riode apr\u00e8s cela (pour nous permettre de mettre en \u0153uvre votre demande). Nous gardons \u00e9galement une trace du fait que vous nous avez demand\u00e9 de ne pas vous envoyer de prospection ou de traiter vos donn\u00e9es ind\u00e9finiment, afin que nous puissions respecter votre demande.<\/p>\n<h2>Vos droits en mati\u00e8re de protection des donn\u00e9es<\/h2>\n<p>La l\u00e9gislation europ\u00e9enne en mati\u00e8re de protection des donn\u00e9es vous conf\u00e8re de nombreux droits en ce qui concerne le traitement des don-n\u00e9es vous concernant. Ces droits comprennent le droit de retirer votre consentement conform\u00e9ment \u00e0 l\u2019article 7 (3) du RGPD, le droit d\u2019acc\u00e8s \u00e0 vos donn\u00e9es \u00e0 caract\u00e8re personnel et le droit de demander une copie de vos donn\u00e9es \u00e0 caract\u00e8re personnel (Art. 15 RGPD), de rec-tifier (Art. 16 RGPD), d\u2019effacer (Art. 17 RGPD), ou de restreindre le traitement de vos donn\u00e9es \u00e0 caract\u00e8re personnel (Art. 18 RGPD), d\u2019obtenir les donn\u00e9es \u00e0 caract\u00e8re personnel que vous nous fournissez dans un format structur\u00e9 et lisible par machine, et de nous demander de transf\u00e9rer ces donn\u00e9es \u00e0 un autre responsable du traitement (Art. 20 RGPD).<\/p>\n<p>Conform\u00e9ment \u00e0 l\u2019art. 21 du RGPD, vous avez le droit de\u00a0<strong>vous opposer \u00e0<\/strong>\u00a0tout moment au traitement des donn\u00e9es par nos soins pour des raisons tenant \u00e0 votre situation particuli\u00e8re, dans la mesure o\u00f9 ce droit est fond\u00e9 sur l\u2019art. 6 (1) (e) du RGPD ou sur la protection des \u00ab int\u00e9r\u00eats l\u00e9gitimes \u00bb conform\u00e9ment \u00e0 l\u2019Art. 6 (1) (f) du RGPD. Si vous exercez votre droit d\u2019opposition, nous cesserons le traitement \u00e0 moins que nous puissions d\u00e9montrer des motifs l\u00e9gitimes imp\u00e9rieux pour la poursuite du traitement qui pr\u00e9valent sur vos droits et int\u00e9r\u00eats.<\/p>\n<p>Vous pouvez retirer votre consentement \u00e0 recevoir des communications marketing ou refuser le traitement des donn\u00e9es \u00e0 des fins de mar-keting direct en suivant les \u00e9tapes d\u00e9crites dans nos avis et en refusant de recevoir des communications marketing, ou en nous contactant \u00e0 l\u2019aide des coordonn\u00e9es fournies dans la pr\u00e9sente Politique de Confidentialit\u00e9. Nous avons \u00e9galement mis en place un Centre de Pr\u00e9f\u00e9rences Marketing o\u00f9 vous pouvez consulter et s\u00e9lectionner vos pr\u00e9f\u00e9rences et refuser de recevoir des communications marketing \u00e0 tout moment. Pour acc\u00e9der au Centre de Pr\u00e9f\u00e9rences Marketing, veuillez \u00e9galement suivre les \u00e9tapes expliqu\u00e9es dans la communication Marketing.<\/p>\n<p>Veuillez noter que ces droits peuvent \u00eatre limit\u00e9s dans certains cas. Vos droits peuvent \u00eatre limit\u00e9s, par exemple, si le fait de satisfaire \u00e0 votre demande r\u00e9v\u00e8le des donn\u00e9es \u00e0 caract\u00e8re personnel concernant une autre personne, s\u2019ils portent atteinte aux droits d\u2019un tiers (y com-pris nos droits) ou si vous nous demandez de supprimer des informations que nous sommes tenus par la loi de conserver ou que nous avons des int\u00e9r\u00eats l\u00e9gitimes imp\u00e9rieux \u00e0 conserver. Nous vous informerons de toutes les exceptions pertinentes sur lesquelles nous nous appuyons lorsque nous r\u00e9pondrons \u00e0 votre demande. En outre, pour les traitements fond\u00e9s sur les int\u00e9r\u00eats l\u00e9gitimes des Entreprises, nous avons proc\u00e9d\u00e9 \u00e0 une \u00e9valuation de l\u2019int\u00e9r\u00eat l\u00e9gitime afin de nous assurer que nos int\u00e9r\u00eats ne sont pas l\u00e9s\u00e9s par vos int\u00e9r\u00eats ou vos droits et libert\u00e9s fondamentaux ; vous pouvez demander cette \u00e9valuation par l\u2019interm\u00e9diaire des contacts \u00e9num\u00e9r\u00e9s \u00e0 la fin de la pr\u00e9sente Politique de Confidentialit\u00e9.<\/p>\n<h2>Questions et r\u00e9clamations<\/h2>\n<p>Si vous avez des questions concernant la pr\u00e9sente Politique de Confidentialit\u00e9 ou le traitement de vos donn\u00e9es \u00e0 caract\u00e8re personnel, ou si vous souhaitez d\u00e9poser une plainte, vous pouvez utiliser notre\u00a0<a href=\"\/en\/\"https:>formulaire<\/a>\u00a0ou nous envoyer un courrier \u00e9lectronique ou \u00e0 notre D\u00e9l\u00e9gu\u00e9 \u00e0 la Protection des Donn\u00e9es \u00e0 l\u2019adresse suivante\u00a0<a href=\"\/en\/\"mailto:dpo@page.com\\\"\">dpo@page.com<\/a>.<\/p>\n<p>Si vous avez des pr\u00e9occupations non r\u00e9solues ou si vous pensez que vos donn\u00e9es \u00e0 caract\u00e8re personnel ont \u00e9t\u00e9 viol\u00e9es, vous pouvez d\u00e9poser une plainte aupr\u00e8s de l\u2019autorit\u00e9 de contr\u00f4le comp\u00e9tente. Une liste des autorit\u00e9s comp\u00e9tentes dans l\u2019EEE peut \u00eatre consult\u00e9e<a href=\"\/en\/\"https:>\u00a0ici<\/a>.<\/p>\n<h2>Comment nous contacter<\/h2>\n<h3>Exercer vos droits<\/h3>\n<p>Pour exercer vos droits, retirer votre consentement au traitement ou vous d\u00e9sinscrire de nos communications commerciales, vous pouvez :<\/p>\n<p>\u2022 remplir notre formulaire de demande\u00a0<a href=\"\/en\/\"https:>ici<\/a>\u00a0ou<\/p>\n<p>\u2022 nous envoyer un courriel \u00e0\u00a0<a href=\"\/en\/\"mailto:gdpr@pagegroup.eu\\\"\">gdpr@pagegroup.eu<\/a>\u00a0ou<\/p>\n<p>\u2022 veuillez nous contacter ou contacter notre D\u00e9l\u00e9gu\u00e9 \u00e0 la Protection des Donn\u00e9es \u00e0 l\u2019adresse suivante :\u00a0<a href=\"\/en\/\"mailto:dpo@page.com\\\"\">dpo@page.com<\/a><\/p>\n<p><strong>D\u00e9l\u00e9gu\u00e9 \u00c0 La Protection Des Donn\u00e9es (DPD<\/strong>)<\/p>\n<p>Bird &amp; Bird DPO Services SRL<br \/>\nAvenue Louise 235 box 1 1050 Bruxelles<br \/>\nBelgique<\/p>\n<p>Win interim<br \/>\nCompliance Department Plaza Europa 21 23,<br \/>\nL\u2019Hospitalet de Llobregat, 08908 Barcelona<br \/>\nEspagne<\/p>\n<h2>Modifications de notre politique de confidendialit\u00e9<\/h2>\n<p>Nous pouvons modifier la pr\u00e9sente politique de confidentialit\u00e9 \u00e0 tout moment. Toute modification importante de la pr\u00e9sente politique de confidentialit\u00e9 sera d\u00fbment publi\u00e9e sur ce site web et sera communiqu\u00e9e par d\u2019autres canaux de communication, le cas \u00e9ch\u00e9ant.<\/p>","protected":false},"excerpt":{"rendered":"<p>Qui sommes-nous et comment traitons-nous vos donn\u00e9es \u00e0 caract\u00e8re personnel ? Europe interim, y compris ses filiales (ci-apr\u00e8s d\u00e9nomm\u00e9es collectivement \u00ab Europe interim\u00bb) : \u00abEurope interim\u00bb, ou \u00ab\u00a0nous \u00bb, est un sp\u00e9cialiste du recrutement exer\u00e7ant ses activit\u00e9s sous les marques Europe interim, Europe interim, Page Executive et Page Outsourcing. La protection des donn\u00e9es \u00e0 caract\u00e8re [&hellip;]<\/p>\n","protected":false},"author":1,"featured_media":0,"parent":0,"menu_order":0,"comment_status":"closed","ping_status":"closed","template":"","meta":{"_seopress_robots_primary_cat":"","_seopress_titles_title":"","_seopress_titles_desc":"","_seopress_robots_index":"","inline_featured_image":false,"_uag_custom_page_level_css":"","footnotes":""},"class_list":["post-11427","page","type-page","status-publish","hentry"],"uagb_featured_image_src":{"full":false,"thumbnail":false,"medium":false,"medium_large":false,"large":false,"1536x1536":false,"2048x2048":false,"trp-custom-language-flag":false},"uagb_author_info":{"display_name":"win-interim.com","author_link":"https:\/\/win-interim.com\/en\/author\/win-interim-com\/"},"uagb_comment_info":0,"uagb_excerpt":"Qui sommes-nous et comment traitons-nous vos donn\u00e9es \u00e0 caract\u00e8re personnel ? Europe interim, y compris ses filiales (ci-apr\u00e8s d\u00e9nomm\u00e9es collectivement \u00ab Europe interim\u00bb) : \u00abEurope interim\u00bb, ou \u00ab\u00a0nous \u00bb, est un sp\u00e9cialiste du recrutement exer\u00e7ant ses activit\u00e9s sous les marques Europe interim, Europe interim, Page Executive et Page Outsourcing. La protection des donn\u00e9es \u00e0 caract\u00e8re&hellip;","_links":{"self":[{"href":"https:\/\/win-interim.com\/en\/wp-json\/wp\/v2\/pages\/11427","targetHints":{"allow":["GET"]}}],"collection":[{"href":"https:\/\/win-interim.com\/en\/wp-json\/wp\/v2\/pages"}],"about":[{"href":"https:\/\/win-interim.com\/en\/wp-json\/wp\/v2\/types\/page"}],"author":[{"embeddable":true,"href":"https:\/\/win-interim.com\/en\/wp-json\/wp\/v2\/users\/1"}],"replies":[{"embeddable":true,"href":"https:\/\/win-interim.com\/en\/wp-json\/wp\/v2\/comments?post=11427"}],"version-history":[{"count":0,"href":"https:\/\/win-interim.com\/en\/wp-json\/wp\/v2\/pages\/11427\/revisions"}],"wp:attachment":[{"href":"https:\/\/win-interim.com\/en\/wp-json\/wp\/v2\/media?parent=11427"}],"curies":[{"name":"wp","href":"https:\/\/api.w.org\/{rel}","templated":true}]}}