{"id":9262,"date":"2024-01-03T11:48:22","date_gmt":"2024-01-03T10:48:22","guid":{"rendered":"https:\/\/win-interim.com\/blog-2\/"},"modified":"2024-01-03T11:48:22","modified_gmt":"2024-01-03T10:48:22","slug":"blog-2","status":"publish","type":"page","link":"https:\/\/win-interim.com\/en\/blog-2\/","title":{"rendered":"Blog"},"content":{"rendered":"<style>\/*! elementor - v3.18.0 - 20-12-2023 *\/\n.elementor-heading-title{padding:0;margin:0;line-height:1}.elementor-widget-heading .elementor-heading-title[class*=elementor-size-]>a{color:inherit;font-size:inherit;line-height:inherit}.elementor-widget-heading .elementor-heading-title.elementor-size-small{font-size:15px}.elementor-widget-heading .elementor-heading-title.elementor-size-medium{font-size:19px}.elementor-widget-heading .elementor-heading-title.elementor-size-large{font-size:29px}.elementor-widget-heading .elementor-heading-title.elementor-size-xl{font-size:39px}.elementor-widget-heading .elementor-heading-title.elementor-size-xxl{font-size:59px}<\/style>\n<h3>Blog<\/h3>\n<h2 class=\\'tpg-widget-heading\\'>\n\t\t\t\t\t\t\t<\/h2>\n<p>\t\t\t\t\t<a data-id=\\\"9914\\\" href=\\\"https:\/\/europe-interim.com\/recrutement-douvriers-agricoles-qualifies-depuis-la-roumanie\/\\\" target=\\\"_self\\\" rel=\\\"noopener\\\">                        <img src=\\\"http:\/\/europe-interim.com\/wp-content\/uploads\/2024\/01\/conduite-tracteur.jpg\\\"\n                             width=\\\"600\\\"\n                             height=\\\"400\\\"\n                             alt=\\\"Recrutement d&#8217;Ouvriers Agricoles Qualifi\u00e9s depuis la Roumanie\\\"><br \/>\n\t\t<\/a><\/p>\n<h3><a data-id=\\\"9914\\\" href=\\\"https:\/\/europe-interim.com\/recrutement-douvriers-agricoles-qualifies-depuis-la-roumanie\/\\\" target=\\\"_self\\\" rel=\\\"noopener\\\">Recrutement d&#8217;Ouvriers Agricoles Qualifi\u00e9s depuis la Roumanie<\/a><\/h3>\n<p>\t\t\t\t\t\t\t\t<a href=\\\"https:\/\/europe-interim.com\/2024\/01\/03\/\\\"><br \/>\n\t\t\t\t\t3 January 2024\t\t\t\t<\/a><br \/>\n\t\t\t\t\t\t\tRecrutement d&#8217;Ouvriers Agricoles Qualifi\u00e9s depuis la Roumanie Recrutement d&#8217;Ouvriers&#8230;<br \/>\n\t\t\t\t\t<a data-id=\\\"9914\\\" href=\\\"https:\/\/europe-interim.com\/recrutement-douvriers-agricoles-qualifies-depuis-la-roumanie\/\\\" target=\\\"_self\\\" rel=\\\"noopener\\\">RECRUTER POUR CE M\u00c9TIER<\/a><br \/>\n\t\t\t\t\t<a data-id=\\\"9887\\\" href=\\\"https:\/\/europe-interim.com\/recruter-un-fermier-en-travailleur-temporaire-depuis-la-roumanie\/\\\" target=\\\"_self\\\" rel=\\\"noopener\\\">                        <img src=\\\"http:\/\/europe-interim.com\/wp-content\/uploads\/2024\/01\/conduite-tracteur.jpg\\\"\n                             width=\\\"600\\\"\n                             height=\\\"400\\\"\n                             alt=\\\"Recruter un fermier en travailleur temporaire depuis la Roumanie\\\"><br \/>\n\t\t<\/a><\/p>\n<h3><a data-id=\\\"9887\\\" href=\\\"https:\/\/europe-interim.com\/recruter-un-fermier-en-travailleur-temporaire-depuis-la-roumanie\/\\\" target=\\\"_self\\\" rel=\\\"noopener\\\">Recruter un fermier en travailleur temporaire depuis la Roumanie<\/a><\/h3>\n<p>\t\t\t\t\t\t\t\t<a href=\\\"https:\/\/europe-interim.com\/2024\/01\/03\/\\\"><br \/>\n\t\t\t\t\t3 January 2024\t\t\t\t<\/a><br \/>\n\t\t\t\t\t\t\tRecruter un fermier en travailleur temporaire depuis la Roumanie Recruter un fermier en travailleur&#8230;<br \/>\n\t\t\t\t\t<a data-id=\\\"9887\\\" href=\\\"https:\/\/europe-interim.com\/recruter-un-fermier-en-travailleur-temporaire-depuis-la-roumanie\/\\\" target=\\\"_self\\\" rel=\\\"noopener\\\">RECRUTER POUR CE M\u00c9TIER<\/a><br \/>\n\t\t\t\t\t<a data-id=\\\"9849\\\" href=\\\"https:\/\/europe-interim.com\/recruter-un-eleveur-en-travailleur-temporaire-detache-depuis-la-roumanie\/\\\" target=\\\"_self\\\" rel=\\\"noopener\\\">                        <img src=\\\"http:\/\/europe-interim.com\/wp-content\/uploads\/2024\/01\/conduite-tracteur.jpg\\\"\n                             width=\\\"600\\\"\n                             height=\\\"400\\\"\n                             alt=\\\"Recruter un \u00e9leveur en travailleur temporaire d\u00e9tach\u00e9 depuis la Roumanie\\\"><br \/>\n\t\t<\/a><\/p>\n<h3><a data-id=\\\"9849\\\" href=\\\"https:\/\/europe-interim.com\/recruter-un-eleveur-en-travailleur-temporaire-detache-depuis-la-roumanie\/\\\" target=\\\"_self\\\" rel=\\\"noopener\\\">Recruter un \u00e9leveur en travailleur temporaire d\u00e9tach\u00e9 depuis la Roumanie<\/a><\/h3>\n<p>\t\t\t\t\t\t\t\t<a href=\\\"https:\/\/europe-interim.com\/2024\/01\/03\/\\\"><br \/>\n\t\t\t\t\t3 January 2024\t\t\t\t<\/a><br \/>\n\t\t\t\t\t\t\tRecruter un \u00e9leveur en travailleur temporaire d\u00e9tach\u00e9 depuis la Roumanie Recruter un \u00e9leveur en&#8230;<br \/>\n\t\t\t\t\t<a data-id=\\\"9849\\\" href=\\\"https:\/\/europe-interim.com\/recruter-un-eleveur-en-travailleur-temporaire-detache-depuis-la-roumanie\/\\\" target=\\\"_self\\\" rel=\\\"noopener\\\">RECRUTER POUR CE M\u00c9TIER<\/a><br \/>\n\t\t\t\t\t<a data-id=\\\"9808\\\" href=\\\"https:\/\/europe-interim.com\/recruter-un-cultivateur-en-travailleur-temporaire-detache-depuis-la-roumanie\/\\\" target=\\\"_self\\\" rel=\\\"noopener\\\">                        <img src=\\\"http:\/\/europe-interim.com\/wp-content\/uploads\/2024\/01\/conduite-tracteur.jpg\\\"\n                             width=\\\"600\\\"\n                             height=\\\"400\\\"\n                             alt=\\\"Recruter un cultivateur en travailleur temporaire d\u00e9tach\u00e9 depuis la Roumanie\\\"><br \/>\n\t\t<\/a><\/p>\n<h3><a data-id=\\\"9808\\\" href=\\\"https:\/\/europe-interim.com\/recruter-un-cultivateur-en-travailleur-temporaire-detache-depuis-la-roumanie\/\\\" target=\\\"_self\\\" rel=\\\"noopener\\\">Recruter un cultivateur en travailleur temporaire d\u00e9tach\u00e9 depuis la Roumanie<\/a><\/h3>\n<p>\t\t\t\t\t\t\t\t<a href=\\\"https:\/\/europe-interim.com\/2024\/01\/03\/\\\"><br \/>\n\t\t\t\t\t3 January 2024\t\t\t\t<\/a><br \/>\n\t\t\t\t\t\t\tRecruter un cultivateur en travailleur temporaire d\u00e9tach\u00e9 depuis la Roumanie Recruter un cultivateur&#8230;<br \/>\n\t\t\t\t\t<a data-id=\\\"9808\\\" href=\\\"https:\/\/europe-interim.com\/recruter-un-cultivateur-en-travailleur-temporaire-detache-depuis-la-roumanie\/\\\" target=\\\"_self\\\" rel=\\\"noopener\\\">RECRUTER POUR CE M\u00c9TIER<\/a><br \/>\n\t\t\t\t\t<a data-id=\\\"9771\\\" href=\\\"https:\/\/europe-interim.com\/recrutement-douvriers-vignerons-qualifies-depuis-la-roumanie\/\\\" target=\\\"_self\\\" rel=\\\"noopener\\\">                        <img src=\\\"http:\/\/europe-interim.com\/wp-content\/uploads\/2024\/01\/conduite-tracteur.jpg\\\"\n                             width=\\\"600\\\"\n                             height=\\\"400\\\"\n                             alt=\\\"Recrutement d&#8217;Ouvriers Vignerons Qualifi\u00e9s depuis la Roumanie\\\"><br \/>\n\t\t<\/a><\/p>\n<h3><a data-id=\\\"9771\\\" href=\\\"https:\/\/europe-interim.com\/recrutement-douvriers-vignerons-qualifies-depuis-la-roumanie\/\\\" target=\\\"_self\\\" rel=\\\"noopener\\\">Recrutement d&#8217;Ouvriers Vignerons Qualifi\u00e9s depuis la Roumanie<\/a><\/h3>\n<p>\t\t\t\t\t\t\t\t<a href=\\\"https:\/\/europe-interim.com\/2024\/01\/03\/\\\"><br \/>\n\t\t\t\t\t3 January 2024\t\t\t\t<\/a><br \/>\n\t\t\t\t\t\t\tRecrutement d&#8217;Ouvriers Vignerons Qualifi\u00e9s depuis la Roumanie Recrutement d&#8217;Ouvriers&#8230;<br \/>\n\t\t\t\t\t<a data-id=\\\"9771\\\" href=\\\"https:\/\/europe-interim.com\/recrutement-douvriers-vignerons-qualifies-depuis-la-roumanie\/\\\" target=\\\"_self\\\" rel=\\\"noopener\\\">RECRUTER POUR CE M\u00c9TIER<\/a><br \/>\n\t\t\t\t\t<a data-id=\\\"9740\\\" href=\\\"https:\/\/europe-interim.com\/recruter-un-vacher-en-travailleur-temporaire-detache-depuis-la-roumanie\/\\\" target=\\\"_self\\\" rel=\\\"noopener\\\">                        <img src=\\\"http:\/\/europe-interim.com\/wp-content\/uploads\/2024\/01\/conduite-tracteur.jpg\\\"\n                             width=\\\"600\\\"\n                             height=\\\"400\\\"\n                             alt=\\\"Recruter un Vacher en travailleur temporaire d\u00e9tach\u00e9 depuis la Roumanie\\\"><br \/>\n\t\t<\/a><\/p>\n<h3><a data-id=\\\"9740\\\" href=\\\"https:\/\/europe-interim.com\/recruter-un-vacher-en-travailleur-temporaire-detache-depuis-la-roumanie\/\\\" target=\\\"_self\\\" rel=\\\"noopener\\\">Recruter un Vacher en travailleur temporaire d\u00e9tach\u00e9 depuis la Roumanie<\/a><\/h3>\n<p>\t\t\t\t\t\t\t\t<a href=\\\"https:\/\/europe-interim.com\/2024\/01\/03\/\\\"><br \/>\n\t\t\t\t\t3 January 2024\t\t\t\t<\/a><br \/>\n\t\t\t\t\t\t\tRecruter un Vacher en travailleur temporaire d\u00e9tach\u00e9 depuis la Roumanie Recruter un Vacher en&#8230;<br \/>\n\t\t\t\t\t<a data-id=\\\"9740\\\" href=\\\"https:\/\/europe-interim.com\/recruter-un-vacher-en-travailleur-temporaire-detache-depuis-la-roumanie\/\\\" target=\\\"_self\\\" rel=\\\"noopener\\\">RECRUTER POUR CE M\u00c9TIER<\/a><br \/>\n\t\t\t\t\t<a data-id=\\\"9709\\\" href=\\\"https:\/\/europe-interim.com\/recrutement-dhorticulteurs-qualifies-depuis-la-roumanie\/\\\" target=\\\"_self\\\" rel=\\\"noopener\\\">                        <img src=\\\"http:\/\/europe-interim.com\/wp-content\/uploads\/2024\/01\/conduite-tracteur.jpg\\\"\n                             width=\\\"600\\\"\n                             height=\\\"400\\\"\n                             alt=\\\"Recrutement d&#8217;Horticulteurs Qualifi\u00e9s depuis la Roumanie\\\"><br \/>\n\t\t<\/a><\/p>\n<h3><a data-id=\\\"9709\\\" href=\\\"https:\/\/europe-interim.com\/recrutement-dhorticulteurs-qualifies-depuis-la-roumanie\/\\\" target=\\\"_self\\\" rel=\\\"noopener\\\">Recrutement d&#8217;Horticulteurs Qualifi\u00e9s depuis la Roumanie<\/a><\/h3>\n<p>\t\t\t\t\t\t\t\t<a href=\\\"https:\/\/europe-interim.com\/2024\/01\/03\/\\\"><br \/>\n\t\t\t\t\t3 January 2024\t\t\t\t<\/a><br \/>\n\t\t\t\t\t\t\tRecrutement d&#8217;Horticulteurs Qualifi\u00e9s depuis la Roumanie Recrutement d&#8217;Horticulteurs&#8230;<br \/>\n\t\t\t\t\t<a data-id=\\\"9709\\\" href=\\\"https:\/\/europe-interim.com\/recrutement-dhorticulteurs-qualifies-depuis-la-roumanie\/\\\" target=\\\"_self\\\" rel=\\\"noopener\\\">RECRUTER POUR CE M\u00c9TIER<\/a><br \/>\n\t\t\t\t\t<a data-id=\\\"9674\\\" href=\\\"https:\/\/europe-interim.com\/recruter-un-agriculteur-en-travailleur-temporaire-detache-depuis-la-roumanie\/\\\" target=\\\"_self\\\" rel=\\\"noopener\\\">                        <img src=\\\"http:\/\/europe-interim.com\/wp-content\/uploads\/2024\/01\/conduite-tracteur.jpg\\\"\n                             width=\\\"600\\\"\n                             height=\\\"400\\\"\n                             alt=\\\"Recruter un agriculteur en travailleur temporaire d\u00e9tach\u00e9 depuis la Roumanie\\\"><br \/>\n\t\t<\/a><\/p>\n<h3><a data-id=\\\"9674\\\" href=\\\"https:\/\/europe-interim.com\/recruter-un-agriculteur-en-travailleur-temporaire-detache-depuis-la-roumanie\/\\\" target=\\\"_self\\\" rel=\\\"noopener\\\">Recruter un agriculteur en travailleur temporaire d\u00e9tach\u00e9 depuis la Roumanie<\/a><\/h3>\n<p>\t\t\t\t\t\t\t\t<a href=\\\"https:\/\/europe-interim.com\/2024\/01\/03\/\\\"><br \/>\n\t\t\t\t\t3 January 2024\t\t\t\t<\/a><br \/>\n\t\t\t\t\t\t\tRecruter un agriculteur en travailleur temporaire d\u00e9tach\u00e9 depuis la Roumanie Recruter un agriculteur&#8230;<br \/>\n\t\t\t\t\t<a data-id=\\\"9674\\\" href=\\\"https:\/\/europe-interim.com\/recruter-un-agriculteur-en-travailleur-temporaire-detache-depuis-la-roumanie\/\\\" target=\\\"_self\\\" rel=\\\"noopener\\\">RECRUTER POUR CE M\u00c9TIER<\/a><br \/>\n\t\t\t\t\t<a data-id=\\\"9644\\\" href=\\\"https:\/\/europe-interim.com\/recruter-un-apiculteur-en-travailleur-temporaire-detache-depuis-la-roumanie\/\\\" target=\\\"_self\\\" rel=\\\"noopener\\\">                        <img src=\\\"http:\/\/europe-interim.com\/wp-content\/uploads\/2024\/01\/conduite-tracteur.jpg\\\"\n                             width=\\\"600\\\"\n                             height=\\\"400\\\"\n                             alt=\\\"Recruter un apiculteur en travailleur temporaire d\u00e9tach\u00e9 depuis la Roumanie\\\"><br \/>\n\t\t<\/a><\/p>\n<h3><a data-id=\\\"9644\\\" href=\\\"https:\/\/europe-interim.com\/recruter-un-apiculteur-en-travailleur-temporaire-detache-depuis-la-roumanie\/\\\" target=\\\"_self\\\" rel=\\\"noopener\\\">Recruter un apiculteur en travailleur temporaire d\u00e9tach\u00e9 depuis la Roumanie<\/a><\/h3>\n<p>\t\t\t\t\t\t\t\t<a href=\\\"https:\/\/europe-interim.com\/2024\/01\/03\/\\\"><br \/>\n\t\t\t\t\t3 January 2024\t\t\t\t<\/a><br \/>\n\t\t\t\t\t\t\tRecruter un apiculteur en travailleur temporaire d\u00e9tach\u00e9 depuis la Roumanie Recruter un apiculteur&#8230;<br \/>\n\t\t\t\t\t<a data-id=\\\"9644\\\" href=\\\"https:\/\/europe-interim.com\/recruter-un-apiculteur-en-travailleur-temporaire-detache-depuis-la-roumanie\/\\\" target=\\\"_self\\\" rel=\\\"noopener\\\">RECRUTER POUR CE M\u00c9TIER<\/a>                <\/p>\n<ul>\n<li>1<\/li>\n<li><a data-paged=\\'2\\' href=\\'https:\/\/europe-interim.com\/wp-admin\/admin-ajax.php?paged=2\\'>2<\/a><\/li>\n<li><a data-paged=\\'3\\' href=\\'https:\/\/europe-interim.com\/wp-admin\/admin-ajax.php?paged=3\\'>3<\/a><\/li>\n<\/ul>\n<style>\/*! elementor - v3.18.0 - 20-12-2023 *\/\n.elementor-widget-image{text-align:center}.elementor-widget-image a{display:inline-block}.elementor-widget-image a img[src$=\\\".svg\\\"]{width:48px}.elementor-widget-image img{vertical-align:middle;display:inline-block}<\/style>\n<p>\t\t\t\t\t\t\t\t\t\t\t\t\t<a href=\\\"https:\/\/europe-interim.com\/conducteur-dengins-forestiers\/\\\"><br \/>\n\t\t\t\t\t\t\t<img width=\\\"338\\\" height=\\\"330\\\" src=\\\"http:\/\/europe-interim.com\/wp-content\/uploads\/2024\/01\/IMG-HERE-2.png\\\" alt=\\\"\\\" \/>\t\t\t\t\t\t\t\t<\/a><\/p>\n<style>\/*! elementor - v3.18.0 - 20-12-2023 *\/\n.elementor-widget-image-box .elementor-image-box-content{width:100%}@media (min-width:768px){.elementor-widget-image-box.elementor-position-left .elementor-image-box-wrapper,.elementor-widget-image-box.elementor-position-right .elementor-image-box-wrapper{display:flex}.elementor-widget-image-box.elementor-position-right .elementor-image-box-wrapper{text-align:right;flex-direction:row-reverse}.elementor-widget-image-box.elementor-position-left .elementor-image-box-wrapper{text-align:left;flex-direction:row}.elementor-widget-image-box.elementor-position-top .elementor-image-box-img{margin:auto}.elementor-widget-image-box.elementor-vertical-align-top .elementor-image-box-wrapper{align-items:flex-start}.elementor-widget-image-box.elementor-vertical-align-middle .elementor-image-box-wrapper{align-items:center}.elementor-widget-image-box.elementor-vertical-align-bottom .elementor-image-box-wrapper{align-items:flex-end}}@media (max-width:767px){.elementor-widget-image-box .elementor-image-box-img{margin-left:auto!important;margin-right:auto!important;margin-bottom:15px}}.elementor-widget-image-box .elementor-image-box-img{display:inline-block}.elementor-widget-image-box .elementor-image-box-title a{color:inherit}.elementor-widget-image-box .elementor-image-box-wrapper{text-align:center}.elementor-widget-image-box .elementor-image-box-description{margin:0}<\/style>\n<h4><a href=\\\"https:\/\/europe-interim.com\/conducteur-dengins-forestiers\/\\\">Recruter boutefeu-foreur<\/a><\/h4>\n<p>Recruter un boutefeu-foreur en travailleur temporaire d\u00e9tach\u00e9 depuis la Roumanie Vous menez des chantiers de construction et <\/p>\n<p>\t\t\t<a href=\\\"https:\/\/europe-interim.com\/conducteur-dengins-forestiers\/\\\"><br \/>\n\t\t\t\t<svg aria-hidden=\\\"true\\\" viewBox=\\\"0 0 256 512\\\" xmlns=\\\"http:\/\/www.w3.org\/2000\/svg\\\"><path d=\\\"M224.3 273l-136 136c-9.4 9.4-24.6 9.4-33.9 0l-22.6-22.6c-9.4-9.4-9.4-24.6 0-33.9l96.4-96.4-96.4-96.4c-9.4-9.4-9.4-24.6 0-33.9L54.3 103c9.4-9.4 24.6-9.4 33.9 0l136 136c9.5 9.4 9.5 24.6.1 34z\\\"><\/path><\/svg><br \/>\n\t\t\t\t\t\tRECRUTER POUR CE M\u00c9TIER<br \/>\n\t\t\t\t\t<\/a><br \/>\n\t\t\t\t\t\t\t\t\t\t\t\t\t\t\t<img width=\\\"338\\\" height=\\\"330\\\" src=\\\"http:\/\/europe-interim.com\/wp-content\/uploads\/2024\/01\/IMG-HERE-2.png\\\" alt=\\\"\\\" \/>\t\t\t\t\t\t\t\t\t\t\t\t\t\t\t<\/p>\n<h4>Recruter boutefeu-foreur<\/h4>\n<p>Recruter un boutefeu-foreur en travailleur temporaire d\u00e9tach\u00e9 depuis la Roumanie Vous menez des chantiers de construction et <\/p>\n<p>\t\t\t<a href=\\\"#\\\"><br \/>\n\t\t\t\t<svg aria-hidden=\\\"true\\\" viewBox=\\\"0 0 256 512\\\" xmlns=\\\"http:\/\/www.w3.org\/2000\/svg\\\"><path d=\\\"M224.3 273l-136 136c-9.4 9.4-24.6 9.4-33.9 0l-22.6-22.6c-9.4-9.4-9.4-24.6 0-33.9l96.4-96.4-96.4-96.4c-9.4-9.4-9.4-24.6 0-33.9L54.3 103c9.4-9.4 24.6-9.4 33.9 0l136 136c9.5 9.4 9.5 24.6.1 34z\\\"><\/path><\/svg><br \/>\n\t\t\t\t\t\tRECRUTER POUR CE M\u00c9TIER<br \/>\n\t\t\t\t\t<\/a><br \/>\n\t\t\t\t\t\t\t\t\t\t\t\t\t\t\t<img width=\\\"338\\\" height=\\\"330\\\" src=\\\"http:\/\/europe-interim.com\/wp-content\/uploads\/2024\/01\/IMG-HERE-2.png\\\" alt=\\\"\\\" \/>\t\t\t\t\t\t\t\t\t\t\t\t\t\t\t<\/p>\n<h4>Recruter boutefeu-foreur<\/h4>\n<p>Recruter un boutefeu-foreur en travailleur temporaire d\u00e9tach\u00e9 depuis la Roumanie Vous menez des chantiers de construction et <\/p>\n<p>\t\t\t<a href=\\\"#\\\"><br \/>\n\t\t\t\t<svg aria-hidden=\\\"true\\\" viewBox=\\\"0 0 256 512\\\" xmlns=\\\"http:\/\/www.w3.org\/2000\/svg\\\"><path d=\\\"M224.3 273l-136 136c-9.4 9.4-24.6 9.4-33.9 0l-22.6-22.6c-9.4-9.4-9.4-24.6 0-33.9l96.4-96.4-96.4-96.4c-9.4-9.4-9.4-24.6 0-33.9L54.3 103c9.4-9.4 24.6-9.4 33.9 0l136 136c9.5 9.4 9.5 24.6.1 34z\\\"><\/path><\/svg><br \/>\n\t\t\t\t\t\tRECRUTER POUR CE M\u00c9TIER<br \/>\n\t\t\t\t\t<\/a><br \/>\n\t\t\t\t\t\t\t\t\t\t\t\t\t\t\t\t<a href=\\\"https:\/\/europe-interim.com\/conducteur-dengins-forestiers\/\\\"><br \/>\n\t\t\t\t\t\t\t<img width=\\\"338\\\" height=\\\"330\\\" src=\\\"http:\/\/europe-interim.com\/wp-content\/uploads\/2024\/01\/IMG-HERE-2.png\\\" alt=\\\"\\\" \/>\t\t\t\t\t\t\t\t<\/a><\/p>\n<h4><a href=\\\"https:\/\/europe-interim.com\/conducteur-dengins-forestiers\/\\\">Recruter boutefeu-foreur<\/a><\/h4>\n<p>Recruter un boutefeu-foreur en travailleur temporaire d\u00e9tach\u00e9 depuis la Roumanie Vous menez des chantiers de construction et <\/p>\n<p>\t\t\t<a href=\\\"https:\/\/europe-interim.com\/conducteur-dengins-forestiers\/\\\"><br \/>\n\t\t\t\t<svg aria-hidden=\\\"true\\\" viewBox=\\\"0 0 256 512\\\" xmlns=\\\"http:\/\/www.w3.org\/2000\/svg\\\"><path d=\\\"M224.3 273l-136 136c-9.4 9.4-24.6 9.4-33.9 0l-22.6-22.6c-9.4-9.4-9.4-24.6 0-33.9l96.4-96.4-96.4-96.4c-9.4-9.4-9.4-24.6 0-33.9L54.3 103c9.4-9.4 24.6-9.4 33.9 0l136 136c9.5 9.4 9.5 24.6.1 34z\\\"><\/path><\/svg><br \/>\n\t\t\t\t\t\tRECRUTER POUR CE M\u00c9TIER<br \/>\n\t\t\t\t\t<\/a><br \/>\n\t\t\t\t\t\t\t\t\t\t\t\t\t\t\t<img width=\\\"338\\\" height=\\\"330\\\" src=\\\"http:\/\/europe-interim.com\/wp-content\/uploads\/2024\/01\/IMG-HERE-2.png\\\" alt=\\\"\\\" \/>\t\t\t\t\t\t\t\t\t\t\t\t\t\t\t<\/p>\n<h4>Recruter boutefeu-foreur<\/h4>\n<p>Recruter un boutefeu-foreur en travailleur temporaire d\u00e9tach\u00e9 depuis la Roumanie Vous menez des chantiers de construction et <\/p>\n<p>\t\t\t<a href=\\\"#\\\"><br \/>\n\t\t\t\t<svg aria-hidden=\\\"true\\\" viewBox=\\\"0 0 256 512\\\" xmlns=\\\"http:\/\/www.w3.org\/2000\/svg\\\"><path d=\\\"M224.3 273l-136 136c-9.4 9.4-24.6 9.4-33.9 0l-22.6-22.6c-9.4-9.4-9.4-24.6 0-33.9l96.4-96.4-96.4-96.4c-9.4-9.4-9.4-24.6 0-33.9L54.3 103c9.4-9.4 24.6-9.4 33.9 0l136 136c9.5 9.4 9.5 24.6.1 34z\\\"><\/path><\/svg><br \/>\n\t\t\t\t\t\tRECRUTER POUR CE M\u00c9TIER<br \/>\n\t\t\t\t\t<\/a><br \/>\n\t\t\t\t\t\t\t\t\t\t\t\t\t\t\t<img width=\\\"338\\\" height=\\\"330\\\" src=\\\"http:\/\/europe-interim.com\/wp-content\/uploads\/2024\/01\/IMG-HERE-2.png\\\" alt=\\\"\\\" \/>\t\t\t\t\t\t\t\t\t\t\t\t\t\t\t<\/p>\n<h4>Recruter boutefeu-foreur<\/h4>\n<p>Recruter un boutefeu-foreur en travailleur temporaire d\u00e9tach\u00e9 depuis la Roumanie Vous menez des chantiers de construction et <\/p>\n<p>\t\t\t<a href=\\\"#\\\"><br \/>\n\t\t\t\t<svg aria-hidden=\\\"true\\\" viewBox=\\\"0 0 256 512\\\" xmlns=\\\"http:\/\/www.w3.org\/2000\/svg\\\"><path d=\\\"M224.3 273l-136 136c-9.4 9.4-24.6 9.4-33.9 0l-22.6-22.6c-9.4-9.4-9.4-24.6 0-33.9l96.4-96.4-96.4-96.4c-9.4-9.4-9.4-24.6 0-33.9L54.3 103c9.4-9.4 24.6-9.4 33.9 0l136 136c9.5 9.4 9.5 24.6.1 34z\\\"><\/path><\/svg><br \/>\n\t\t\t\t\t\tRECRUTER POUR CE M\u00c9TIER<br \/>\n\t\t\t\t\t<\/a><\/p>\n","protected":false},"excerpt":{"rendered":"<p>Blog Recrutement d&#8217;Ouvriers Agricoles Qualifi\u00e9s depuis la Roumanie 3 January 2024 Recrutement d&#8217;Ouvriers Agricoles Qualifi\u00e9s depuis la Roumanie Recrutement d&#8217;Ouvriers&#8230; RECRUTER POUR CE M\u00c9TIER Recruter un fermier en travailleur temporaire depuis la Roumanie 3 January 2024 Recruter un fermier en travailleur temporaire depuis la Roumanie Recruter un fermier en travailleur&#8230; RECRUTER POUR CE M\u00c9TIER Recruter [&hellip;]<\/p>\n","protected":false},"author":1,"featured_media":0,"parent":0,"menu_order":0,"comment_status":"closed","ping_status":"closed","template":"elementor_header_footer","meta":{"_seopress_robots_primary_cat":"","_seopress_titles_title":"","_seopress_titles_desc":"","_seopress_robots_index":"","inline_featured_image":false,"_uag_custom_page_level_css":"","footnotes":""},"class_list":["post-9262","page","type-page","status-publish","hentry"],"uagb_featured_image_src":{"full":false,"thumbnail":false,"medium":false,"medium_large":false,"large":false,"1536x1536":false,"2048x2048":false,"trp-custom-language-flag":false},"uagb_author_info":{"display_name":"win-interim.com","author_link":"https:\/\/win-interim.com\/en\/author\/win-interim-com\/"},"uagb_comment_info":0,"uagb_excerpt":"Blog Recrutement d&#8217;Ouvriers Agricoles Qualifi\u00e9s depuis la Roumanie 3 January 2024 Recrutement d&#8217;Ouvriers Agricoles Qualifi\u00e9s depuis la Roumanie Recrutement d&#8217;Ouvriers&#8230; RECRUTER POUR CE M\u00c9TIER Recruter un fermier en travailleur temporaire depuis la Roumanie 3 January 2024 Recruter un fermier en travailleur temporaire depuis la Roumanie Recruter un fermier en travailleur&#8230; RECRUTER POUR CE M\u00c9TIER Recruter&hellip;","_links":{"self":[{"href":"https:\/\/win-interim.com\/en\/wp-json\/wp\/v2\/pages\/9262","targetHints":{"allow":["GET"]}}],"collection":[{"href":"https:\/\/win-interim.com\/en\/wp-json\/wp\/v2\/pages"}],"about":[{"href":"https:\/\/win-interim.com\/en\/wp-json\/wp\/v2\/types\/page"}],"author":[{"embeddable":true,"href":"https:\/\/win-interim.com\/en\/wp-json\/wp\/v2\/users\/1"}],"replies":[{"embeddable":true,"href":"https:\/\/win-interim.com\/en\/wp-json\/wp\/v2\/comments?post=9262"}],"version-history":[{"count":0,"href":"https:\/\/win-interim.com\/en\/wp-json\/wp\/v2\/pages\/9262\/revisions"}],"wp:attachment":[{"href":"https:\/\/win-interim.com\/en\/wp-json\/wp\/v2\/media?parent=9262"}],"curies":[{"name":"wp","href":"https:\/\/api.w.org\/{rel}","templated":true}]}}